{"id":594,"date":"2020-01-15T14:35:42","date_gmt":"2020-01-15T13:35:42","guid":{"rendered":"https:\/\/admir-cafes.ch\/index.php\/produit\/blue-mountain-grand-cru-xx-250g-grains-sur-commande\/"},"modified":"2026-03-13T09:44:11","modified_gmt":"2026-03-13T08:44:11","slug":"jamaica-250g-grains","status":"publish","type":"product","link":"https:\/\/admir-cafes.ch\/index.php\/produit\/jamaica-250g-grains\/","title":{"rendered":"JAMAICA"},"content":{"rendered":"","protected":false},"excerpt":{"rendered":"<p>200g en grains<\/p>\n<p><strong>Pure origine, 100% arabica<\/strong><\/p>\n<p>Ce caf\u00e9 d\u2019origine contr\u00f4l\u00e9e est cultiv\u00e9 uniquement dans les Montagnes Bleues de la Jama\u00efque. C\u00e9l\u00e8bre pour sa douceur, son go\u00fbt particulier, son parfait \u00e9quilibre mais aussi pour ses notes de chocolat, il vous transportera au-del\u00e0 des fronti\u00e8res pour un voyage au pays des sens. Une d\u00e9gustation tout en douceur tout au long de votre journ\u00e9e.<\/p>\n","protected":false},"featured_media":225264,"comment_status":"open","ping_status":"closed","template":"","meta":{"_et_pb_use_builder":"","_et_pb_old_content":"","_et_gb_content_width":""},"product_brand":[],"product_cat":[41],"product_tag":[],"class_list":{"0":"post-594","1":"product","2":"type-product","3":"status-publish","4":"has-post-thumbnail","6":"product_cat-terroir","8":"first","9":"instock","10":"sale","11":"taxable","12":"shipping-taxable","13":"purchasable","14":"product-type-simple"},"_links":{"self":[{"href":"https:\/\/admir-cafes.ch\/index.php\/wp-json\/wp\/v2\/product\/594"}],"collection":[{"href":"https:\/\/admir-cafes.ch\/index.php\/wp-json\/wp\/v2\/product"}],"about":[{"href":"https:\/\/admir-cafes.ch\/index.php\/wp-json\/wp\/v2\/types\/product"}],"replies":[{"embeddable":true,"href":"https:\/\/admir-cafes.ch\/index.php\/wp-json\/wp\/v2\/comments?post=594"}],"wp:featuredmedia":[{"embeddable":true,"href":"https:\/\/admir-cafes.ch\/index.php\/wp-json\/wp\/v2\/media\/225264"}],"wp:attachment":[{"href":"https:\/\/admir-cafes.ch\/index.php\/wp-json\/wp\/v2\/media?parent=594"}],"wp:term":[{"taxonomy":"product_brand","embeddable":true,"href":"https:\/\/admir-cafes.ch\/index.php\/wp-json\/wp\/v2\/product_brand?post=594"},{"taxonomy":"product_cat","embeddable":true,"href":"https:\/\/admir-cafes.ch\/index.php\/wp-json\/wp\/v2\/product_cat?post=594"},{"taxonomy":"product_tag","embeddable":true,"href":"https:\/\/admir-cafes.ch\/index.php\/wp-json\/wp\/v2\/product_tag?post=594"}],"curies":[{"name":"wp","href":"https:\/\/api.w.org\/{rel}","templated":true}]}}