{"id":225136,"date":"2022-07-26T11:02:34","date_gmt":"2022-07-26T10:02:34","guid":{"rendered":"https:\/\/admir-cafes.ch\/?post_type=product&#038;p=225136"},"modified":"2025-03-10T10:20:02","modified_gmt":"2025-03-10T09:20:02","slug":"premium-250g-moulu","status":"publish","type":"product","link":"https:\/\/admir-cafes.ch\/index.php\/produit\/premium-250g-moulu\/","title":{"rendered":"Premium 250g moulu"},"content":{"rendered":"","protected":false},"excerpt":{"rendered":"<p><strong>100% Arabica<\/strong><\/p>\n<p>250g moulu<\/p>\n<p>Un bouquet de saveurs unique et tout en \u00e9quilibre pour ce m\u00e9lange d\u00e9licat cr\u00e9\u00e9 en 2020. \u00a0Cette rencontre des meilleurs arabicas, torr\u00e9fi\u00e9s avec ma\u00eetrise et soin, vous offre un m\u00e9lange haut de gamme pour sublimer chacun de vos instants caf\u00e9. Cette recette a n\u00e9cessit\u00e9 plusieurs mois de recherche afin de trouver l\u2019\u00e9quilibre parfait des saveurs entre les diff\u00e9rents grains s\u00e9lectionn\u00e9s.<\/p>\n","protected":false},"featured_media":225306,"comment_status":"open","ping_status":"closed","template":"","meta":{"_et_pb_use_builder":"","_et_pb_old_content":"","_et_gb_content_width":""},"product_brand":[],"product_cat":[22],"product_tag":[],"class_list":{"0":"post-225136","1":"product","2":"type-product","3":"status-publish","4":"has-post-thumbnail","6":"product_cat-cafe-moulu","8":"first","9":"instock","10":"taxable","11":"shipping-taxable","12":"purchasable","13":"product-type-simple"},"_links":{"self":[{"href":"https:\/\/admir-cafes.ch\/index.php\/wp-json\/wp\/v2\/product\/225136"}],"collection":[{"href":"https:\/\/admir-cafes.ch\/index.php\/wp-json\/wp\/v2\/product"}],"about":[{"href":"https:\/\/admir-cafes.ch\/index.php\/wp-json\/wp\/v2\/types\/product"}],"replies":[{"embeddable":true,"href":"https:\/\/admir-cafes.ch\/index.php\/wp-json\/wp\/v2\/comments?post=225136"}],"wp:featuredmedia":[{"embeddable":true,"href":"https:\/\/admir-cafes.ch\/index.php\/wp-json\/wp\/v2\/media\/225306"}],"wp:attachment":[{"href":"https:\/\/admir-cafes.ch\/index.php\/wp-json\/wp\/v2\/media?parent=225136"}],"wp:term":[{"taxonomy":"product_brand","embeddable":true,"href":"https:\/\/admir-cafes.ch\/index.php\/wp-json\/wp\/v2\/product_brand?post=225136"},{"taxonomy":"product_cat","embeddable":true,"href":"https:\/\/admir-cafes.ch\/index.php\/wp-json\/wp\/v2\/product_cat?post=225136"},{"taxonomy":"product_tag","embeddable":true,"href":"https:\/\/admir-cafes.ch\/index.php\/wp-json\/wp\/v2\/product_tag?post=225136"}],"curies":[{"name":"wp","href":"https:\/\/api.w.org\/{rel}","templated":true}]}}