{"id":225090,"date":"2022-07-06T15:56:29","date_gmt":"2022-07-06T14:56:29","guid":{"rendered":"https:\/\/admir-cafes.ch\/?post_type=product&#038;p=225090"},"modified":"2022-09-20T14:33:32","modified_gmt":"2022-09-20T13:33:32","slug":"melody","status":"publish","type":"product","link":"https:\/\/admir-cafes.ch\/index.php\/produit\/melody\/","title":{"rendered":"M\u00e9lody"},"content":{"rendered":"","protected":false},"excerpt":{"rendered":"<p>250g en grains<\/p>\n<p><strong>100% arabica<\/strong><\/p>\n<p>Cette recette tout en douceur est une onde \u00e0 la sensualit\u00e9 que nous offre les meilleurs arabicas d\u2019Am\u00e9rique Centrale. Une recette unique qui vous emportera au-del\u00e0 des fronti\u00e8res. Sa torr\u00e9faction m\u00e9dium voir lente sublimera ses notes florales. Ce caf\u00e9 cr\u00e9meux vous laissera une douceur feutr\u00e9e en bouche et vous rappellera les plages dor\u00e9es au soleil couchant des \u00eeles du Pacifique. Recette originale cr\u00e9\u00e9e en 2019.<\/p>\n","protected":false},"featured_media":225327,"comment_status":"open","ping_status":"closed","template":"","meta":{"_et_pb_use_builder":"","_et_pb_old_content":"","_et_gb_content_width":""},"product_brand":[],"product_cat":[23],"product_tag":[],"class_list":{"0":"post-225090","1":"product","2":"type-product","3":"status-publish","4":"has-post-thumbnail","6":"product_cat-grains","8":"first","9":"instock","10":"taxable","11":"shipping-taxable","12":"purchasable","13":"product-type-simple"},"_links":{"self":[{"href":"https:\/\/admir-cafes.ch\/index.php\/wp-json\/wp\/v2\/product\/225090"}],"collection":[{"href":"https:\/\/admir-cafes.ch\/index.php\/wp-json\/wp\/v2\/product"}],"about":[{"href":"https:\/\/admir-cafes.ch\/index.php\/wp-json\/wp\/v2\/types\/product"}],"replies":[{"embeddable":true,"href":"https:\/\/admir-cafes.ch\/index.php\/wp-json\/wp\/v2\/comments?post=225090"}],"wp:featuredmedia":[{"embeddable":true,"href":"https:\/\/admir-cafes.ch\/index.php\/wp-json\/wp\/v2\/media\/225327"}],"wp:attachment":[{"href":"https:\/\/admir-cafes.ch\/index.php\/wp-json\/wp\/v2\/media?parent=225090"}],"wp:term":[{"taxonomy":"product_brand","embeddable":true,"href":"https:\/\/admir-cafes.ch\/index.php\/wp-json\/wp\/v2\/product_brand?post=225090"},{"taxonomy":"product_cat","embeddable":true,"href":"https:\/\/admir-cafes.ch\/index.php\/wp-json\/wp\/v2\/product_cat?post=225090"},{"taxonomy":"product_tag","embeddable":true,"href":"https:\/\/admir-cafes.ch\/index.php\/wp-json\/wp\/v2\/product_tag?post=225090"}],"curies":[{"name":"wp","href":"https:\/\/api.w.org\/{rel}","templated":true}]}}