{"id":225023,"date":"2022-06-28T10:27:50","date_gmt":"2022-06-28T09:27:50","guid":{"rendered":"https:\/\/admir-cafes.ch\/?post_type=product&#038;p=225023"},"modified":"2024-06-24T13:34:22","modified_gmt":"2024-06-24T12:34:22","slug":"bolivia-bio-fairtrade","status":"publish","type":"product","link":"https:\/\/admir-cafes.ch\/index.php\/produit\/bolivia-bio-fairtrade\/","title":{"rendered":"Bolivia &#8211; BIO &#038; FAIRTRADE"},"content":{"rendered":"","protected":false},"excerpt":{"rendered":"<p>250g en grains<\/p>\n<p><strong>Pure origine, 100% arabica<\/strong><\/p>\n<p>Avec cet arabica, d\u00e9couvrez des saveurs l\u00e9g\u00e8rement \u00e9pic\u00e9es, un \u00e9quilibre parfait avec des notes d\u00e9licates de chocolat, de baies des bois suaves et douces. Une exp\u00e9rience r\u00e9v\u00e9lant toute la puissance et la richesse du pays Incas. Surprenez-vous en d\u00e9gustant ce caf\u00e9 si particulier, si rare, \u00e0 tout moment de votre journ\u00e9e.<\/p>\n","protected":false},"featured_media":225275,"comment_status":"open","ping_status":"closed","template":"","meta":{"_et_pb_use_builder":"","_et_pb_old_content":"","_et_gb_content_width":""},"product_brand":[],"product_cat":[23],"product_tag":[],"class_list":{"0":"post-225023","1":"product","2":"type-product","3":"status-publish","4":"has-post-thumbnail","6":"product_cat-grains","8":"first","9":"instock","10":"taxable","11":"shipping-taxable","12":"purchasable","13":"product-type-simple"},"_links":{"self":[{"href":"https:\/\/admir-cafes.ch\/index.php\/wp-json\/wp\/v2\/product\/225023"}],"collection":[{"href":"https:\/\/admir-cafes.ch\/index.php\/wp-json\/wp\/v2\/product"}],"about":[{"href":"https:\/\/admir-cafes.ch\/index.php\/wp-json\/wp\/v2\/types\/product"}],"replies":[{"embeddable":true,"href":"https:\/\/admir-cafes.ch\/index.php\/wp-json\/wp\/v2\/comments?post=225023"}],"wp:featuredmedia":[{"embeddable":true,"href":"https:\/\/admir-cafes.ch\/index.php\/wp-json\/wp\/v2\/media\/225275"}],"wp:attachment":[{"href":"https:\/\/admir-cafes.ch\/index.php\/wp-json\/wp\/v2\/media?parent=225023"}],"wp:term":[{"taxonomy":"product_brand","embeddable":true,"href":"https:\/\/admir-cafes.ch\/index.php\/wp-json\/wp\/v2\/product_brand?post=225023"},{"taxonomy":"product_cat","embeddable":true,"href":"https:\/\/admir-cafes.ch\/index.php\/wp-json\/wp\/v2\/product_cat?post=225023"},{"taxonomy":"product_tag","embeddable":true,"href":"https:\/\/admir-cafes.ch\/index.php\/wp-json\/wp\/v2\/product_tag?post=225023"}],"curies":[{"name":"wp","href":"https:\/\/api.w.org\/{rel}","templated":true}]}}