{"id":225013,"date":"2022-06-28T10:10:23","date_gmt":"2022-06-28T09:10:23","guid":{"rendered":"https:\/\/admir-cafes.ch\/?post_type=product&#038;p=225013"},"modified":"2024-04-03T09:41:36","modified_gmt":"2024-04-03T08:41:36","slug":"guatemala-bio-fairtrade","status":"publish","type":"product","link":"https:\/\/admir-cafes.ch\/index.php\/produit\/guatemala-bio-fairtrade\/","title":{"rendered":"Guatemala &#8211; Bio &#038; Fairtrade"},"content":{"rendered":"","protected":false},"excerpt":{"rendered":"<p>250g en grains<\/p>\n<p><strong>Pure origine, 100% arabica<\/strong><\/p>\n<p>Traversez les \u00e2ges au pays Mayas en prenant un aller simple pour l\u2019Am\u00e9rique du Sud et d\u00e9couvrez ses hauts plateaux guat\u00e9malt\u00e8ques charg\u00e9s d\u2019Histoire. Ce caf\u00e9 cultiv\u00e9 jusqu\u2019\u00e0 1800m d\u2019altitude, vous envo\u00fbtera par toute sa puissance et son onctuosit\u00e9. Des touches fruit\u00e9es et chocolat\u00e9es vous sont d\u00e9voil\u00e9es gr\u00e2ce \u00e0 sa lente torr\u00e9faction.<\/p>\n","protected":false},"featured_media":225273,"comment_status":"open","ping_status":"closed","template":"","meta":{"_et_pb_use_builder":"","_et_pb_old_content":"","_et_gb_content_width":""},"product_brand":[],"product_cat":[23],"product_tag":[],"class_list":{"0":"post-225013","1":"product","2":"type-product","3":"status-publish","4":"has-post-thumbnail","6":"product_cat-grains","8":"first","9":"instock","10":"taxable","11":"shipping-taxable","12":"purchasable","13":"product-type-simple"},"_links":{"self":[{"href":"https:\/\/admir-cafes.ch\/index.php\/wp-json\/wp\/v2\/product\/225013"}],"collection":[{"href":"https:\/\/admir-cafes.ch\/index.php\/wp-json\/wp\/v2\/product"}],"about":[{"href":"https:\/\/admir-cafes.ch\/index.php\/wp-json\/wp\/v2\/types\/product"}],"replies":[{"embeddable":true,"href":"https:\/\/admir-cafes.ch\/index.php\/wp-json\/wp\/v2\/comments?post=225013"}],"wp:featuredmedia":[{"embeddable":true,"href":"https:\/\/admir-cafes.ch\/index.php\/wp-json\/wp\/v2\/media\/225273"}],"wp:attachment":[{"href":"https:\/\/admir-cafes.ch\/index.php\/wp-json\/wp\/v2\/media?parent=225013"}],"wp:term":[{"taxonomy":"product_brand","embeddable":true,"href":"https:\/\/admir-cafes.ch\/index.php\/wp-json\/wp\/v2\/product_brand?post=225013"},{"taxonomy":"product_cat","embeddable":true,"href":"https:\/\/admir-cafes.ch\/index.php\/wp-json\/wp\/v2\/product_cat?post=225013"},{"taxonomy":"product_tag","embeddable":true,"href":"https:\/\/admir-cafes.ch\/index.php\/wp-json\/wp\/v2\/product_tag?post=225013"}],"curies":[{"name":"wp","href":"https:\/\/api.w.org\/{rel}","templated":true}]}}