{"id":223927,"date":"2021-09-27T08:11:26","date_gmt":"2021-09-27T07:11:26","guid":{"rendered":"https:\/\/admir-cafes.ch\/?post_type=product&#038;p=223927"},"modified":"2022-04-21T11:27:23","modified_gmt":"2022-04-21T10:27:23","slug":"krups-nespresso-essenza-mini","status":"publish","type":"product","link":"https:\/\/admir-cafes.ch\/index.php\/produit\/krups-nespresso-essenza-mini\/","title":{"rendered":"Krups \u2013Nespresso\u00ae Essenza Mini &#8211; Noir"},"content":{"rendered":"<p>Un concentr\u00e9 d&rsquo;expertise Nespresso pour un plaisir sans compromis.<br \/>\nLa nouvelle machine ultra-compacte: un concentr\u00e9 d&rsquo;expertise Nespresso pour un plaisir sans compromis.<\/p>\n<p class=\"p1\"><strong>2 choix de caf\u00e9: espresso et lungo<br \/>\n<\/strong>2 boutons avec fonction flow-stop automatique:<br \/>\n&#8211; espresso (40ml)<br \/>\n&#8211; lungo (110ml)<br \/>\nChaque programme est personnalisable selon votre go\u00fbt.<\/p>\n<p>&nbsp;<\/p>\n<table class=\"t1\" style=\"width: 657px;\" cellspacing=\"0\" cellpadding=\"0\">\n<tbody>\n<tr>\n<td class=\"td1\" style=\"width: 329.172px;\" valign=\"top\">\n<p class=\"p1\">Puissance<\/p>\n<\/td>\n<td class=\"td1\" style=\"width: 321.828px;\" valign=\"top\">\n<p class=\"p1\">1200-1310 W<\/p>\n<\/td>\n<\/tr>\n<tr>\n<td class=\"td1\" style=\"width: 329.172px;\" valign=\"top\">\n<p class=\"p1\">Pression<\/p>\n<\/td>\n<td class=\"td1\" style=\"width: 321.828px;\" valign=\"top\">\n<p class=\"p1\">19<\/p>\n<\/td>\n<\/tr>\n<tr>\n<td class=\"td1\" style=\"width: 329.172px;\" valign=\"top\">\n<p class=\"p1\">Fr\u00e9quence<\/p>\n<\/td>\n<td class=\"td1\" style=\"width: 321.828px;\" valign=\"top\">\n<p class=\"p1\">50-60 Hz<\/p>\n<\/td>\n<\/tr>\n<tr>\n<td class=\"td1\" style=\"width: 329.172px;\" valign=\"top\">\n<p class=\"p1\">Poids<\/p>\n<\/td>\n<td class=\"td1\" style=\"width: 321.828px;\" valign=\"top\">\n<p class=\"p1\">2.3 kg<\/p>\n<\/td>\n<\/tr>\n<tr>\n<td class=\"td1\" style=\"width: 329.172px;\" valign=\"top\">\n<p class=\"p1\">Dimensions du produit (L x W x H)<\/p>\n<\/td>\n<td class=\"td1\" style=\"width: 321.828px;\" valign=\"top\">\n<p class=\"p1\">8.4&#215;20.4&#215;33 cm<\/p>\n<\/td>\n<\/tr>\n<tr>\n<td class=\"td1\" style=\"width: 329.172px;\" valign=\"top\">\n<p class=\"p1\">Personnalisation de quantit\u00e9<\/p>\n<\/td>\n<td class=\"td1\" style=\"width: 321.828px;\" valign=\"top\">\n<p class=\"p1\">OUI<\/p>\n<\/td>\n<\/tr>\n<tr>\n<td class=\"td1\" style=\"width: 329.172px;\" valign=\"top\">\n<p class=\"p1\">Moyen de personnalisation<\/p>\n<\/td>\n<td class=\"td1\" style=\"width: 321.828px;\" valign=\"top\">\n<p class=\"p1\">Arr\u00eat manuel<\/p>\n<\/td>\n<\/tr>\n<tr>\n<td class=\"td1\" style=\"width: 329.172px;\" valign=\"top\">\n<p class=\"p1\">Activation automatique<\/p>\n<\/td>\n<td class=\"td1\" style=\"width: 321.828px;\" valign=\"top\">\n<p class=\"p1\">Appuyez sur le bouton Espresso ou Lungo<\/p>\n<\/td>\n<\/tr>\n<tr>\n<td class=\"td1\" style=\"width: 329.172px;\" valign=\"top\">\n<p class=\"p1\">Capacit\u00e9 du r\u00e9servoir d\u2019eau<\/p>\n<\/td>\n<td class=\"td1\" style=\"width: 321.828px;\" valign=\"top\">\n<p class=\"p1\">0.6 L<\/p>\n<\/td>\n<\/tr>\n<tr>\n<td class=\"td1\" style=\"width: 329.172px;\" valign=\"top\">\n<p class=\"p1\">R\u00e9servoir d\u2019eau amovible<\/p>\n<\/td>\n<td class=\"td1\" style=\"width: 321.828px;\" valign=\"top\">\n<p class=\"p1\">OUI<\/p>\n<\/td>\n<\/tr>\n<tr>\n<td class=\"td1\" style=\"width: 329.172px;\" valign=\"top\">\n<p class=\"p1\">R\u00e9cipient \u00e0 capsules usag\u00e9es<\/p>\n<\/td>\n<td class=\"td1\" style=\"width: 321.828px;\" valign=\"top\">\n<p class=\"p1\">int\u00e9gr\u00e9<\/p>\n<\/td>\n<\/tr>\n<tr>\n<td class=\"td1\" style=\"width: 329.172px;\" valign=\"top\">\n<p class=\"p1\">Arr\u00eat automatique de boisson<\/p>\n<\/td>\n<td class=\"td1\" style=\"width: 321.828px;\" valign=\"top\">\n<p class=\"p1\">Oui<\/p>\n<\/td>\n<\/tr>\n<tr>\n<td class=\"td1\" style=\"width: 329.172px;\" valign=\"top\">\n<p class=\"p1\">Nombre de recettes<\/p>\n<\/td>\n<td class=\"td1\" style=\"width: 321.828px;\" valign=\"top\">\n<p class=\"p1\">2<\/p>\n<\/td>\n<\/tr>\n<tr>\n<td class=\"td1\" style=\"width: 329.172px;\" valign=\"top\">\n<p class=\"p1\">Recettes<\/p>\n<\/td>\n<td class=\"td1\" style=\"width: 321.828px;\" valign=\"top\">\n<p class=\"p1\">Espresso et Lungo<\/p>\n<\/td>\n<\/tr>\n<tr>\n<td class=\"td1\" style=\"width: 329.172px;\" valign=\"top\"><\/td>\n<td class=\"td1\" style=\"width: 321.828px;\" valign=\"top\"><\/td>\n<\/tr>\n<tr>\n<td class=\"td1\" style=\"width: 329.172px;\" valign=\"top\">\n<p class=\"p1\">Nombre de tasses pr\u00e9par\u00e9es \u00e0 la fois<\/p>\n<\/td>\n<td class=\"td1\" style=\"width: 321.828px;\" valign=\"top\">\n<p class=\"p1\">1<\/p>\n<\/td>\n<\/tr>\n<tr>\n<td class=\"td1\" style=\"width: 329.172px;\" valign=\"top\"><\/td>\n<td class=\"td1\" style=\"width: 321.828px;\" valign=\"top\"><\/td>\n<\/tr>\n<tr>\n<td class=\"td1\" style=\"width: 329.172px;\" valign=\"top\">\n<p class=\"p1\">Arr\u00eat automatique (s\u2019\u00e9teint)<\/p>\n<\/td>\n<td class=\"td1\" style=\"width: 321.828px;\" valign=\"top\">\n<p class=\"p1\">9 ou 30 minutes<\/p>\n<\/td>\n<\/tr>\n<tr>\n<td class=\"td1\" style=\"width: 329.172px;\" valign=\"top\">\n<p class=\"p1\">Arr\u00eat automatique programmable<\/p>\n<\/td>\n<td class=\"td1\" style=\"width: 321.828px;\" valign=\"top\">\n<p class=\"p1\">9 ou 30 minutes<\/p>\n<\/td>\n<\/tr>\n<tr>\n<td class=\"td1\" style=\"width: 329.172px;\" valign=\"top\">\n<p class=\"p1\">Bac de r\u00e9cup\u00e9ration amovible<\/p>\n<\/td>\n<td class=\"td1\" style=\"width: 321.828px;\" valign=\"top\">\n<p class=\"p1\">OUI<\/p>\n<\/td>\n<\/tr>\n<tr>\n<td class=\"td1\" style=\"width: 329.172px;\" valign=\"top\">\n<p class=\"p1\">Bac de r\u00e9cup\u00e9ration r\u00e9glable (nombre de niveaux)<\/p>\n<\/td>\n<td class=\"td1\" style=\"width: 321.828px;\" valign=\"top\">\n<p class=\"p1\">[2]<\/p>\n<\/td>\n<\/tr>\n<tr>\n<td class=\"td1\" style=\"width: 329.172px;\" valign=\"top\">\n<p class=\"p1\">Coloris<\/p>\n<\/td>\n<td class=\"td1\" style=\"width: 321.828px;\" valign=\"top\">\n<p class=\"p1\">Noir<\/p>\n<\/td>\n<\/tr>\n<tr>\n<td class=\"td1\" style=\"width: 329.172px;\" valign=\"top\">\n<p class=\"p1\">Garantie<\/p>\n<\/td>\n<td class=\"td1\" style=\"width: 321.828px;\" valign=\"top\">\n<p class=\"p1\">2 ans<\/p>\n<\/td>\n<\/tr>\n<\/tbody>\n<\/table>\n","protected":false},"excerpt":{"rendered":"<p>Un concentr\u00e9 d&rsquo;expertise Nespresso pour un plaisir sans compromis. La nouvelle machine ultra-compacte: un concentr\u00e9 d&rsquo;expertise Nespresso pour un plaisir sans compromis. 2 choix de caf\u00e9: espresso et lungo 2 boutons avec fonction flow-stop automatique: &#8211; espresso (40ml) &#8211; lungo (110ml) Chaque programme est personnalisable selon votre go\u00fbt. &nbsp; Puissance 1200-1310 W Pression 19 Fr\u00e9quence [&hellip;]<\/p>\n","protected":false},"featured_media":223930,"comment_status":"open","ping_status":"closed","template":"","meta":{"_et_pb_use_builder":"","_et_pb_old_content":"","_et_gb_content_width":""},"product_brand":[],"product_cat":[48,21],"product_tag":[],"class_list":{"0":"post-223927","1":"product","2":"type-product","3":"status-publish","4":"has-post-thumbnail","6":"product_cat-machines-a-capsules-compatibles-nespresso","7":"product_cat-machines-a-cafe","9":"first","10":"instock","11":"taxable","12":"shipping-taxable","13":"purchasable","14":"product-type-simple"},"_links":{"self":[{"href":"https:\/\/admir-cafes.ch\/index.php\/wp-json\/wp\/v2\/product\/223927"}],"collection":[{"href":"https:\/\/admir-cafes.ch\/index.php\/wp-json\/wp\/v2\/product"}],"about":[{"href":"https:\/\/admir-cafes.ch\/index.php\/wp-json\/wp\/v2\/types\/product"}],"replies":[{"embeddable":true,"href":"https:\/\/admir-cafes.ch\/index.php\/wp-json\/wp\/v2\/comments?post=223927"}],"wp:featuredmedia":[{"embeddable":true,"href":"https:\/\/admir-cafes.ch\/index.php\/wp-json\/wp\/v2\/media\/223930"}],"wp:attachment":[{"href":"https:\/\/admir-cafes.ch\/index.php\/wp-json\/wp\/v2\/media?parent=223927"}],"wp:term":[{"taxonomy":"product_brand","embeddable":true,"href":"https:\/\/admir-cafes.ch\/index.php\/wp-json\/wp\/v2\/product_brand?post=223927"},{"taxonomy":"product_cat","embeddable":true,"href":"https:\/\/admir-cafes.ch\/index.php\/wp-json\/wp\/v2\/product_cat?post=223927"},{"taxonomy":"product_tag","embeddable":true,"href":"https:\/\/admir-cafes.ch\/index.php\/wp-json\/wp\/v2\/product_tag?post=223927"}],"curies":[{"name":"wp","href":"https:\/\/api.w.org\/{rel}","templated":true}]}}