{"id":222900,"date":"2020-12-16T16:47:11","date_gmt":"2020-12-16T15:47:11","guid":{"rendered":"https:\/\/admir-cafes.ch\/?post_type=product&#038;p=222900"},"modified":"2026-03-13T09:43:35","modified_gmt":"2026-03-13T08:43:35","slug":"mexico-250g-grains","status":"publish","type":"product","link":"https:\/\/admir-cafes.ch\/index.php\/produit\/mexico-250g-grains\/","title":{"rendered":"Mexico"},"content":{"rendered":"","protected":false},"excerpt":{"rendered":"<p>200g en grains<\/p>\n<p><strong>Caf\u00e9 de Terroir, 100% arabica<\/strong><\/p>\n<p>Un caf\u00e9 qui vous fait traverser les \u00e2ges et vous transporte sur les hauts plateaux mexicains par sa douceur \u00e9quilibr\u00e9e et ses douces notes de miel, de caramel et d\u2019amandes. Sa torr\u00e9faction soutenue permet d\u2019\u00e9quilibrer ses ar\u00f4mes prononc\u00e9s avec un corps plus l\u00e9ger. Un rendez-vous au pays des Mayas, \u00e0 l\u2019ombre de la Pyramide de Kukulc\u00e0n.<\/p>\n","protected":false},"featured_media":225259,"comment_status":"open","ping_status":"closed","template":"","meta":{"_et_pb_use_builder":"","_et_pb_old_content":"","_et_gb_content_width":""},"product_brand":[],"product_cat":[41],"product_tag":[],"class_list":{"0":"post-222900","1":"product","2":"type-product","3":"status-publish","4":"has-post-thumbnail","6":"product_cat-terroir","8":"first","9":"instock","10":"sale","11":"taxable","12":"shipping-taxable","13":"purchasable","14":"product-type-simple"},"_links":{"self":[{"href":"https:\/\/admir-cafes.ch\/index.php\/wp-json\/wp\/v2\/product\/222900"}],"collection":[{"href":"https:\/\/admir-cafes.ch\/index.php\/wp-json\/wp\/v2\/product"}],"about":[{"href":"https:\/\/admir-cafes.ch\/index.php\/wp-json\/wp\/v2\/types\/product"}],"replies":[{"embeddable":true,"href":"https:\/\/admir-cafes.ch\/index.php\/wp-json\/wp\/v2\/comments?post=222900"}],"wp:featuredmedia":[{"embeddable":true,"href":"https:\/\/admir-cafes.ch\/index.php\/wp-json\/wp\/v2\/media\/225259"}],"wp:attachment":[{"href":"https:\/\/admir-cafes.ch\/index.php\/wp-json\/wp\/v2\/media?parent=222900"}],"wp:term":[{"taxonomy":"product_brand","embeddable":true,"href":"https:\/\/admir-cafes.ch\/index.php\/wp-json\/wp\/v2\/product_brand?post=222900"},{"taxonomy":"product_cat","embeddable":true,"href":"https:\/\/admir-cafes.ch\/index.php\/wp-json\/wp\/v2\/product_cat?post=222900"},{"taxonomy":"product_tag","embeddable":true,"href":"https:\/\/admir-cafes.ch\/index.php\/wp-json\/wp\/v2\/product_tag?post=222900"}],"curies":[{"name":"wp","href":"https:\/\/api.w.org\/{rel}","templated":true}]}}