{"id":222894,"date":"2020-12-16T13:56:06","date_gmt":"2020-12-16T12:56:06","guid":{"rendered":"https:\/\/admir-cafes.ch\/?post_type=product&#038;p=222894"},"modified":"2024-11-02T09:14:46","modified_gmt":"2024-11-02T08:14:46","slug":"panama-250g-grains","status":"publish","type":"product","link":"https:\/\/admir-cafes.ch\/index.php\/produit\/panama-250g-grains\/","title":{"rendered":"PANAMA"},"content":{"rendered":"","protected":false},"excerpt":{"rendered":"<p>200g en grains<\/p>\n<p><strong>Caf\u00e9 de Terroir, 100% arabica<\/strong><\/p>\n<p>Un caf\u00e9 franc au corps harmonieux et aux notes florales, qui vous invite \u00e0 d\u00e9couvrir ses saveurs de caramel, de miel et de m\u00fbres, gr\u00e2ce \u00e0 sa torr\u00e9faction douce. Caf\u00e9 encore confidentiel, laissez-vous porter au c\u0153ur de l\u2019Am\u00e9rique Centrale entre l\u2019Oc\u00e9an Pacifique et la Mer des Cara\u00efbes, sur les hauteurs immenses de \u00ab la vall\u00e9e des fleurs et du printemps \u00e9ternel \u00bb.<\/p>\n","protected":false},"featured_media":225262,"comment_status":"open","ping_status":"closed","template":"","meta":{"_et_pb_use_builder":"","_et_pb_old_content":"","_et_gb_content_width":""},"product_brand":[],"product_cat":[41],"product_tag":[],"class_list":{"0":"post-222894","1":"product","2":"type-product","3":"status-publish","4":"has-post-thumbnail","6":"product_cat-terroir","8":"first","9":"outofstock","10":"taxable","11":"shipping-taxable","12":"purchasable","13":"product-type-simple"},"_links":{"self":[{"href":"https:\/\/admir-cafes.ch\/index.php\/wp-json\/wp\/v2\/product\/222894"}],"collection":[{"href":"https:\/\/admir-cafes.ch\/index.php\/wp-json\/wp\/v2\/product"}],"about":[{"href":"https:\/\/admir-cafes.ch\/index.php\/wp-json\/wp\/v2\/types\/product"}],"replies":[{"embeddable":true,"href":"https:\/\/admir-cafes.ch\/index.php\/wp-json\/wp\/v2\/comments?post=222894"}],"wp:featuredmedia":[{"embeddable":true,"href":"https:\/\/admir-cafes.ch\/index.php\/wp-json\/wp\/v2\/media\/225262"}],"wp:attachment":[{"href":"https:\/\/admir-cafes.ch\/index.php\/wp-json\/wp\/v2\/media?parent=222894"}],"wp:term":[{"taxonomy":"product_brand","embeddable":true,"href":"https:\/\/admir-cafes.ch\/index.php\/wp-json\/wp\/v2\/product_brand?post=222894"},{"taxonomy":"product_cat","embeddable":true,"href":"https:\/\/admir-cafes.ch\/index.php\/wp-json\/wp\/v2\/product_cat?post=222894"},{"taxonomy":"product_tag","embeddable":true,"href":"https:\/\/admir-cafes.ch\/index.php\/wp-json\/wp\/v2\/product_tag?post=222894"}],"curies":[{"name":"wp","href":"https:\/\/api.w.org\/{rel}","templated":true}]}}