{"id":222878,"date":"2020-12-16T11:24:23","date_gmt":"2020-12-16T10:24:23","guid":{"rendered":"https:\/\/admir-cafes.ch\/?post_type=product&#038;p=222878"},"modified":"2026-03-13T09:43:45","modified_gmt":"2026-03-13T08:43:45","slug":"cuba-250g-grains","status":"publish","type":"product","link":"https:\/\/admir-cafes.ch\/index.php\/produit\/cuba-250g-grains\/","title":{"rendered":"Cuba"},"content":{"rendered":"","protected":false},"excerpt":{"rendered":"<p>200g en grains<\/p>\n<p><strong>Caf\u00e9 de Terroir, 100% arabica<\/strong><\/p>\n<p>Cultiv\u00e9 sur les versants des Montagnes de Cristal, ses notes \u00e9pic\u00e9es se d\u00e9voilent tout au long de sa d\u00e9gustation. Voyagez au rythme envoutant de la salsa cubaine gr\u00e2ce \u00e0 son ar\u00f4me typique de tabac, de noix et d\u2019amandes. Son g\u00e9n\u00e9reux parfum de chocolat est r\u00e9v\u00e9l\u00e9 par une torr\u00e9faction longue \u00e0 chaleur mod\u00e9r\u00e9e. Il vous \u00e9tonnera par son \u00e9quilibre et sa force tranquille, sans aucune amertume.<\/p>\n","protected":false},"featured_media":225265,"comment_status":"open","ping_status":"closed","template":"","meta":{"_et_pb_use_builder":"","_et_pb_old_content":"","_et_gb_content_width":""},"product_brand":[],"product_cat":[41],"product_tag":[],"class_list":{"0":"post-222878","1":"product","2":"type-product","3":"status-publish","4":"has-post-thumbnail","6":"product_cat-terroir","8":"first","9":"instock","10":"sale","11":"taxable","12":"shipping-taxable","13":"purchasable","14":"product-type-simple"},"_links":{"self":[{"href":"https:\/\/admir-cafes.ch\/index.php\/wp-json\/wp\/v2\/product\/222878"}],"collection":[{"href":"https:\/\/admir-cafes.ch\/index.php\/wp-json\/wp\/v2\/product"}],"about":[{"href":"https:\/\/admir-cafes.ch\/index.php\/wp-json\/wp\/v2\/types\/product"}],"replies":[{"embeddable":true,"href":"https:\/\/admir-cafes.ch\/index.php\/wp-json\/wp\/v2\/comments?post=222878"}],"wp:featuredmedia":[{"embeddable":true,"href":"https:\/\/admir-cafes.ch\/index.php\/wp-json\/wp\/v2\/media\/225265"}],"wp:attachment":[{"href":"https:\/\/admir-cafes.ch\/index.php\/wp-json\/wp\/v2\/media?parent=222878"}],"wp:term":[{"taxonomy":"product_brand","embeddable":true,"href":"https:\/\/admir-cafes.ch\/index.php\/wp-json\/wp\/v2\/product_brand?post=222878"},{"taxonomy":"product_cat","embeddable":true,"href":"https:\/\/admir-cafes.ch\/index.php\/wp-json\/wp\/v2\/product_cat?post=222878"},{"taxonomy":"product_tag","embeddable":true,"href":"https:\/\/admir-cafes.ch\/index.php\/wp-json\/wp\/v2\/product_tag?post=222878"}],"curies":[{"name":"wp","href":"https:\/\/api.w.org\/{rel}","templated":true}]}}