{"id":221682,"date":"2020-03-02T09:11:41","date_gmt":"2020-03-02T08:11:41","guid":{"rendered":"https:\/\/admir-cafes.ch\/?post_type=product&#038;p=221682"},"modified":"2024-09-11T12:36:11","modified_gmt":"2024-09-11T11:36:11","slug":"bio-capsules","status":"publish","type":"product","link":"https:\/\/admir-cafes.ch\/index.php\/produit\/bio-capsules\/","title":{"rendered":"Peru"},"content":{"rendered":"<p>&nbsp;<\/p>\n<p>&nbsp;<\/p>\n","protected":false},"excerpt":{"rendered":"<div id=\"tab-description\" class=\"woocommerce-Tabs-panel woocommerce-Tabs-panel--description panel entry-content wc-tab\" role=\"tabpanel\" aria-labelledby=\"tab-title-description\"><strong>Pure origine, 100% arabica<\/strong><\/div>\n<div role=\"tabpanel\" aria-labelledby=\"tab-title-description\"><\/div>\n<div role=\"tabpanel\" aria-labelledby=\"tab-title-description\">\n<p>Ce caf\u00e9 certifi\u00e9 Max Havelaar est cultiv\u00e9 sur les plateaux montagneux du P\u00e9rou. Un caf\u00e9 Bio et \u00e9quitable, respectueux des terres agricoles mais aussi des cultivateurs, qui s\u2019engage \u00e0 vous offrir \u00e0 chaque d\u00e9gustation une grande douceur, finement acidul\u00e9e, aux notes de fruits rouges. Un caf\u00e9 qui vous transporte au c\u0153ur de la for\u00eat amazonienne.<\/p>\n<\/div>\n","protected":false},"featured_media":225502,"comment_status":"open","ping_status":"closed","template":"","meta":{"_et_pb_use_builder":"off","_et_pb_old_content":"<div class=\"woocommerce-tabs wc-tabs-wrapper\">\r\n<div id=\"tab-description\" class=\"woocommerce-Tabs-panel woocommerce-Tabs-panel--description panel entry-content wc-tab\" role=\"tabpanel\" aria-labelledby=\"tab-title-description\">\r\n<div class=\"woocommerce-tabs wc-tabs-wrapper\">\r\n<div id=\"tab-description\" class=\"woocommerce-Tabs-panel woocommerce-Tabs-panel--description panel entry-content wc-tab\" role=\"tabpanel\" aria-labelledby=\"tab-title-description\">\r\n\r\nUn m\u00e9lange Arabica chaleureux et sensuel, d\u2019une saveur intense et longue en bouche.\r\n\r\n<\/div>\r\n<\/div>\r\n<section class=\"related products\"><\/section><\/div>\r\n<\/div>\r\n<section class=\"related products\"><\/section>","_et_gb_content_width":""},"product_brand":[],"product_cat":[29],"product_tag":[],"class_list":{"0":"post-221682","1":"product","2":"type-product","3":"status-publish","4":"has-post-thumbnail","6":"product_cat-capsules-compatibles-nespresso","8":"first","9":"instock","10":"featured","11":"taxable","12":"shipping-taxable","13":"purchasable","14":"product-type-variable","15":"has-default-attributes"},"_links":{"self":[{"href":"https:\/\/admir-cafes.ch\/index.php\/wp-json\/wp\/v2\/product\/221682"}],"collection":[{"href":"https:\/\/admir-cafes.ch\/index.php\/wp-json\/wp\/v2\/product"}],"about":[{"href":"https:\/\/admir-cafes.ch\/index.php\/wp-json\/wp\/v2\/types\/product"}],"replies":[{"embeddable":true,"href":"https:\/\/admir-cafes.ch\/index.php\/wp-json\/wp\/v2\/comments?post=221682"}],"wp:featuredmedia":[{"embeddable":true,"href":"https:\/\/admir-cafes.ch\/index.php\/wp-json\/wp\/v2\/media\/225502"}],"wp:attachment":[{"href":"https:\/\/admir-cafes.ch\/index.php\/wp-json\/wp\/v2\/media?parent=221682"}],"wp:term":[{"taxonomy":"product_brand","embeddable":true,"href":"https:\/\/admir-cafes.ch\/index.php\/wp-json\/wp\/v2\/product_brand?post=221682"},{"taxonomy":"product_cat","embeddable":true,"href":"https:\/\/admir-cafes.ch\/index.php\/wp-json\/wp\/v2\/product_cat?post=221682"},{"taxonomy":"product_tag","embeddable":true,"href":"https:\/\/admir-cafes.ch\/index.php\/wp-json\/wp\/v2\/product_tag?post=221682"}],"curies":[{"name":"wp","href":"https:\/\/api.w.org\/{rel}","templated":true}]}}