{"id":220407,"date":"2020-01-29T12:25:34","date_gmt":"2020-01-29T11:25:34","guid":{"rendered":"https:\/\/admir-cafes.ch\/?post_type=product&#038;p=220407"},"modified":"2024-10-26T10:29:58","modified_gmt":"2024-10-26T09:29:58","slug":"bio-max-havelaar-moulu","status":"publish","type":"product","link":"https:\/\/admir-cafes.ch\/index.php\/produit\/bio-max-havelaar-moulu\/","title":{"rendered":"PERU \u2013 BIO &#038; FAIRTRADE Moulu"},"content":{"rendered":"","protected":false},"excerpt":{"rendered":"<p>250g moulu<\/p>\n<p><strong>Pure origine, 100% arabica<\/strong><\/p>\n<p>Ce caf\u00e9 certifi\u00e9 Max Havelaar est cultiv\u00e9 sur les plateaux montagneux du P\u00e9rou. Un caf\u00e9 Bio et \u00e9quitable, respectueux des terres agricoles mais aussi des cultivateurs, qui s\u2019engage \u00e0 vous offrir \u00e0 chaque d\u00e9gustation une grande douceur, finement acidul\u00e9e, aux notes de fruits rouges. Un caf\u00e9 qui vous transporte au c\u0153ur de la for\u00eat amazonienne.<\/p>\n","protected":false},"featured_media":225307,"comment_status":"open","ping_status":"closed","template":"","meta":{"_et_pb_use_builder":"","_et_pb_old_content":"","_et_gb_content_width":""},"product_brand":[],"product_cat":[22],"product_tag":[],"class_list":{"0":"post-220407","1":"product","2":"type-product","3":"status-publish","4":"has-post-thumbnail","6":"product_cat-cafe-moulu","8":"first","9":"instock","10":"taxable","11":"shipping-taxable","12":"purchasable","13":"product-type-simple"},"_links":{"self":[{"href":"https:\/\/admir-cafes.ch\/index.php\/wp-json\/wp\/v2\/product\/220407"}],"collection":[{"href":"https:\/\/admir-cafes.ch\/index.php\/wp-json\/wp\/v2\/product"}],"about":[{"href":"https:\/\/admir-cafes.ch\/index.php\/wp-json\/wp\/v2\/types\/product"}],"replies":[{"embeddable":true,"href":"https:\/\/admir-cafes.ch\/index.php\/wp-json\/wp\/v2\/comments?post=220407"}],"wp:featuredmedia":[{"embeddable":true,"href":"https:\/\/admir-cafes.ch\/index.php\/wp-json\/wp\/v2\/media\/225307"}],"wp:attachment":[{"href":"https:\/\/admir-cafes.ch\/index.php\/wp-json\/wp\/v2\/media?parent=220407"}],"wp:term":[{"taxonomy":"product_brand","embeddable":true,"href":"https:\/\/admir-cafes.ch\/index.php\/wp-json\/wp\/v2\/product_brand?post=220407"},{"taxonomy":"product_cat","embeddable":true,"href":"https:\/\/admir-cafes.ch\/index.php\/wp-json\/wp\/v2\/product_cat?post=220407"},{"taxonomy":"product_tag","embeddable":true,"href":"https:\/\/admir-cafes.ch\/index.php\/wp-json\/wp\/v2\/product_tag?post=220407"}],"curies":[{"name":"wp","href":"https:\/\/api.w.org\/{rel}","templated":true}]}}