{"id":220389,"date":"2020-01-29T12:20:50","date_gmt":"2020-01-29T11:20:50","guid":{"rendered":"https:\/\/admir-cafes.ch\/?post_type=product&#038;p=220389"},"modified":"2025-03-10T10:25:29","modified_gmt":"2025-03-10T09:25:29","slug":"melange-n8-moulu","status":"publish","type":"product","link":"https:\/\/admir-cafes.ch\/index.php\/produit\/melange-n8-moulu\/","title":{"rendered":"N\u00b08 250g moulu"},"content":{"rendered":"","protected":false},"excerpt":{"rendered":"<p><strong>65% arabica &#8211; 35% robusta<\/strong><\/p>\n<p>Pour un caf\u00e9 court, fort, et savoureux, ce sublime m\u00e9lange vous s\u00e9duira par ses notes de chocolat, d\u2019amandes et de caramel. Sa torr\u00e9faction intense vous propose des notes grill\u00e9es puissantes\u00a0et une g\u00e9n\u00e9rosit\u00e9 en bouche exceptionnelle. Recette originale et unique, c\u2019est un voyage entre terre azt\u00e8ques, africaines et asiatiques. Cr\u00e9ation originale en 2018.<\/p>\n","protected":false},"featured_media":225310,"comment_status":"open","ping_status":"closed","template":"","meta":{"_et_pb_use_builder":"","_et_pb_old_content":"","_et_gb_content_width":""},"product_brand":[],"product_cat":[22],"product_tag":[],"class_list":{"0":"post-220389","1":"product","2":"type-product","3":"status-publish","4":"has-post-thumbnail","6":"product_cat-cafe-moulu","8":"first","9":"instock","10":"taxable","11":"shipping-taxable","12":"purchasable","13":"product-type-variable","14":"has-default-attributes"},"_links":{"self":[{"href":"https:\/\/admir-cafes.ch\/index.php\/wp-json\/wp\/v2\/product\/220389"}],"collection":[{"href":"https:\/\/admir-cafes.ch\/index.php\/wp-json\/wp\/v2\/product"}],"about":[{"href":"https:\/\/admir-cafes.ch\/index.php\/wp-json\/wp\/v2\/types\/product"}],"replies":[{"embeddable":true,"href":"https:\/\/admir-cafes.ch\/index.php\/wp-json\/wp\/v2\/comments?post=220389"}],"wp:featuredmedia":[{"embeddable":true,"href":"https:\/\/admir-cafes.ch\/index.php\/wp-json\/wp\/v2\/media\/225310"}],"wp:attachment":[{"href":"https:\/\/admir-cafes.ch\/index.php\/wp-json\/wp\/v2\/media?parent=220389"}],"wp:term":[{"taxonomy":"product_brand","embeddable":true,"href":"https:\/\/admir-cafes.ch\/index.php\/wp-json\/wp\/v2\/product_brand?post=220389"},{"taxonomy":"product_cat","embeddable":true,"href":"https:\/\/admir-cafes.ch\/index.php\/wp-json\/wp\/v2\/product_cat?post=220389"},{"taxonomy":"product_tag","embeddable":true,"href":"https:\/\/admir-cafes.ch\/index.php\/wp-json\/wp\/v2\/product_tag?post=220389"}],"curies":[{"name":"wp","href":"https:\/\/api.w.org\/{rel}","templated":true}]}}