{"id":220385,"date":"2020-01-29T12:19:47","date_gmt":"2020-01-29T11:19:47","guid":{"rendered":"https:\/\/admir-cafes.ch\/?post_type=product&#038;p=220385"},"modified":"2025-03-10T10:26:07","modified_gmt":"2025-03-10T09:26:07","slug":"melange-n6-moulu","status":"publish","type":"product","link":"https:\/\/admir-cafes.ch\/index.php\/produit\/melange-n6-moulu\/","title":{"rendered":"N\u00b06 250g moulu"},"content":{"rendered":"","protected":false},"excerpt":{"rendered":"<p><strong>70% arabica &#8211; 30% robusta<\/strong><\/p>\n<p>Tout l\u2019\u00e9quilibre d\u2019un caf\u00e9 riche en ar\u00f4mes, issus de l\u2019assemblage des meilleurs arabicas d\u2019Am\u00e9rique Centrale et d\u2019Asie. Retrouvez des saveurs de chocolat et de fruits \u00e0 coque, pour cette recette unique, cr\u00e9\u00e9 avec soin en 2016.<\/p>\n","protected":false},"featured_media":225311,"comment_status":"open","ping_status":"closed","template":"","meta":{"_et_pb_use_builder":"","_et_pb_old_content":"","_et_gb_content_width":""},"product_brand":[],"product_cat":[22],"product_tag":[],"class_list":{"0":"post-220385","1":"product","2":"type-product","3":"status-publish","4":"has-post-thumbnail","6":"product_cat-cafe-moulu","8":"first","9":"instock","10":"taxable","11":"shipping-taxable","12":"purchasable","13":"product-type-variable","14":"has-default-attributes"},"_links":{"self":[{"href":"https:\/\/admir-cafes.ch\/index.php\/wp-json\/wp\/v2\/product\/220385"}],"collection":[{"href":"https:\/\/admir-cafes.ch\/index.php\/wp-json\/wp\/v2\/product"}],"about":[{"href":"https:\/\/admir-cafes.ch\/index.php\/wp-json\/wp\/v2\/types\/product"}],"replies":[{"embeddable":true,"href":"https:\/\/admir-cafes.ch\/index.php\/wp-json\/wp\/v2\/comments?post=220385"}],"wp:featuredmedia":[{"embeddable":true,"href":"https:\/\/admir-cafes.ch\/index.php\/wp-json\/wp\/v2\/media\/225311"}],"wp:attachment":[{"href":"https:\/\/admir-cafes.ch\/index.php\/wp-json\/wp\/v2\/media?parent=220385"}],"wp:term":[{"taxonomy":"product_brand","embeddable":true,"href":"https:\/\/admir-cafes.ch\/index.php\/wp-json\/wp\/v2\/product_brand?post=220385"},{"taxonomy":"product_cat","embeddable":true,"href":"https:\/\/admir-cafes.ch\/index.php\/wp-json\/wp\/v2\/product_cat?post=220385"},{"taxonomy":"product_tag","embeddable":true,"href":"https:\/\/admir-cafes.ch\/index.php\/wp-json\/wp\/v2\/product_tag?post=220385"}],"curies":[{"name":"wp","href":"https:\/\/api.w.org\/{rel}","templated":true}]}}