{"id":220351,"date":"2020-01-29T11:45:07","date_gmt":"2020-01-29T10:45:07","guid":{"rendered":"https:\/\/admir-cafes.ch\/?post_type=product&#038;p=220351"},"modified":"2025-03-10T10:16:20","modified_gmt":"2025-03-10T09:16:20","slug":"santo-domingo-portions","status":"publish","type":"product","link":"https:\/\/admir-cafes.ch\/index.php\/produit\/santo-domingo-portions\/","title":{"rendered":"Santo Domingo"},"content":{"rendered":"","protected":false},"excerpt":{"rendered":"<p><em>Portions 44mm emball\u00e9es individuellement<\/em><\/p>\n<p><strong>Pure origine, 100% arabica<\/strong><\/p>\n<p>L\u2019accord parfait entre un go\u00fbt subtil de vanille et une douce acidit\u00e9, donne un remarquable \u00e9quilibre \u00e0 ce caf\u00e9 \u00e9tonnant. Sa torr\u00e9faction tout en douceur permet de r\u00e9v\u00e9ler ses saveurs bois\u00e9es et tonifiantes. Chaque d\u00e9gustation est une irr\u00e9sistible invitation \u00e0 s\u2019\u00e9vader sur les hauts plateaux d\u2019Ocoa Alexa.<\/p>\n","protected":false},"featured_media":225283,"comment_status":"open","ping_status":"closed","template":"","meta":{"_et_pb_use_builder":"","_et_pb_old_content":"","_et_gb_content_width":""},"product_brand":[],"product_cat":[19],"product_tag":[],"class_list":{"0":"post-220351","1":"product","2":"type-product","3":"status-publish","4":"has-post-thumbnail","6":"product_cat-cafe-en-portions-44mm","8":"first","9":"outofstock","10":"taxable","11":"shipping-taxable","12":"purchasable","13":"product-type-variable","14":"has-default-attributes"},"_links":{"self":[{"href":"https:\/\/admir-cafes.ch\/index.php\/wp-json\/wp\/v2\/product\/220351"}],"collection":[{"href":"https:\/\/admir-cafes.ch\/index.php\/wp-json\/wp\/v2\/product"}],"about":[{"href":"https:\/\/admir-cafes.ch\/index.php\/wp-json\/wp\/v2\/types\/product"}],"replies":[{"embeddable":true,"href":"https:\/\/admir-cafes.ch\/index.php\/wp-json\/wp\/v2\/comments?post=220351"}],"wp:featuredmedia":[{"embeddable":true,"href":"https:\/\/admir-cafes.ch\/index.php\/wp-json\/wp\/v2\/media\/225283"}],"wp:attachment":[{"href":"https:\/\/admir-cafes.ch\/index.php\/wp-json\/wp\/v2\/media?parent=220351"}],"wp:term":[{"taxonomy":"product_brand","embeddable":true,"href":"https:\/\/admir-cafes.ch\/index.php\/wp-json\/wp\/v2\/product_brand?post=220351"},{"taxonomy":"product_cat","embeddable":true,"href":"https:\/\/admir-cafes.ch\/index.php\/wp-json\/wp\/v2\/product_cat?post=220351"},{"taxonomy":"product_tag","embeddable":true,"href":"https:\/\/admir-cafes.ch\/index.php\/wp-json\/wp\/v2\/product_tag?post=220351"}],"curies":[{"name":"wp","href":"https:\/\/api.w.org\/{rel}","templated":true}]}}