{"id":220319,"date":"2020-01-29T10:51:58","date_gmt":"2020-01-29T09:51:58","guid":{"rendered":"https:\/\/admir-cafes.ch\/?post_type=product&#038;p=220319"},"modified":"2025-03-10T10:15:03","modified_gmt":"2025-03-10T09:15:03","slug":"mocca-portions","status":"publish","type":"product","link":"https:\/\/admir-cafes.ch\/index.php\/produit\/mocca-portions\/","title":{"rendered":"Mocca"},"content":{"rendered":"","protected":false},"excerpt":{"rendered":"<p><em>Portions 44mm emball\u00e9es individuellement<\/em><\/p>\n<p><strong>100% arabica<\/strong><\/p>\n<p>Avec des notes de chocolat blanc et des ar\u00f4mes subtiles de noisettes, ce caf\u00e9 vous fera voyager sur les hauts plateaux d\u2019Afrique de l\u2019Ouest et d\u2019Am\u00e9rique Centrale. Un \u00e9quilibre parfait, entre l\u2019ar\u00f4me de cet arabica torr\u00e9fi\u00e9 artisanalement, sa force tranquille et son go\u00fbt savoureux. Une recette signature qui vous invitera \u00e0 la rencontre de 6 pays \u00e0 travers le monde. Une recette originale cr\u00e9\u00e9e en 2006.<\/p>\n","protected":false},"featured_media":225287,"comment_status":"open","ping_status":"closed","template":"","meta":{"_et_pb_use_builder":"off","_et_pb_old_content":"","_et_gb_content_width":""},"product_brand":[],"product_cat":[19],"product_tag":[],"class_list":{"0":"post-220319","1":"product","2":"type-product","3":"status-publish","4":"has-post-thumbnail","6":"product_cat-cafe-en-portions-44mm","8":"first","9":"instock","10":"taxable","11":"shipping-taxable","12":"purchasable","13":"product-type-variable","14":"has-default-attributes"},"_links":{"self":[{"href":"https:\/\/admir-cafes.ch\/index.php\/wp-json\/wp\/v2\/product\/220319"}],"collection":[{"href":"https:\/\/admir-cafes.ch\/index.php\/wp-json\/wp\/v2\/product"}],"about":[{"href":"https:\/\/admir-cafes.ch\/index.php\/wp-json\/wp\/v2\/types\/product"}],"replies":[{"embeddable":true,"href":"https:\/\/admir-cafes.ch\/index.php\/wp-json\/wp\/v2\/comments?post=220319"}],"wp:featuredmedia":[{"embeddable":true,"href":"https:\/\/admir-cafes.ch\/index.php\/wp-json\/wp\/v2\/media\/225287"}],"wp:attachment":[{"href":"https:\/\/admir-cafes.ch\/index.php\/wp-json\/wp\/v2\/media?parent=220319"}],"wp:term":[{"taxonomy":"product_brand","embeddable":true,"href":"https:\/\/admir-cafes.ch\/index.php\/wp-json\/wp\/v2\/product_brand?post=220319"},{"taxonomy":"product_cat","embeddable":true,"href":"https:\/\/admir-cafes.ch\/index.php\/wp-json\/wp\/v2\/product_cat?post=220319"},{"taxonomy":"product_tag","embeddable":true,"href":"https:\/\/admir-cafes.ch\/index.php\/wp-json\/wp\/v2\/product_tag?post=220319"}],"curies":[{"name":"wp","href":"https:\/\/api.w.org\/{rel}","templated":true}]}}