{"id":220158,"date":"2020-01-22T11:06:21","date_gmt":"2020-01-22T10:06:21","guid":{"rendered":"https:\/\/admir-cafes.ch\/?post_type=product&#038;p=220158"},"modified":"2025-03-10T10:33:15","modified_gmt":"2025-03-10T09:33:15","slug":"melange-bar-grains","status":"publish","type":"product","link":"https:\/\/admir-cafes.ch\/index.php\/produit\/melange-bar-grains\/","title":{"rendered":"Bar"},"content":{"rendered":"","protected":false},"excerpt":{"rendered":"<p><strong>100% arabica<\/strong><\/p>\n<p>Cette recette originale est un voyage entre l\u2019Am\u00e9rique Centrale et les hauts plateaux d\u2019Am\u00e9rique du Sud. Toute la richesse et la force des grains issus de 6 pays, pour vous proposer un m\u00e9lange unique. Les notes de fruits rouges se r\u00e9v\u00e8lent gr\u00e2ce \u00e0 sa torr\u00e9faction artisanale douce et ma\u00eetris\u00e9e. Une recette cr\u00e9\u00e9e en 2004 qui vous invite \u00e0 un voyage autour du monde.<\/p>\n","protected":false},"featured_media":225330,"comment_status":"open","ping_status":"closed","template":"","meta":{"_et_pb_use_builder":"","_et_pb_old_content":"","_et_gb_content_width":""},"product_brand":[],"product_cat":[23],"product_tag":[],"class_list":{"0":"post-220158","1":"product","2":"type-product","3":"status-publish","4":"has-post-thumbnail","6":"product_cat-grains","8":"first","9":"instock","10":"taxable","11":"shipping-taxable","12":"purchasable","13":"product-type-variable","14":"has-default-attributes"},"_links":{"self":[{"href":"https:\/\/admir-cafes.ch\/index.php\/wp-json\/wp\/v2\/product\/220158"}],"collection":[{"href":"https:\/\/admir-cafes.ch\/index.php\/wp-json\/wp\/v2\/product"}],"about":[{"href":"https:\/\/admir-cafes.ch\/index.php\/wp-json\/wp\/v2\/types\/product"}],"replies":[{"embeddable":true,"href":"https:\/\/admir-cafes.ch\/index.php\/wp-json\/wp\/v2\/comments?post=220158"}],"wp:featuredmedia":[{"embeddable":true,"href":"https:\/\/admir-cafes.ch\/index.php\/wp-json\/wp\/v2\/media\/225330"}],"wp:attachment":[{"href":"https:\/\/admir-cafes.ch\/index.php\/wp-json\/wp\/v2\/media?parent=220158"}],"wp:term":[{"taxonomy":"product_brand","embeddable":true,"href":"https:\/\/admir-cafes.ch\/index.php\/wp-json\/wp\/v2\/product_brand?post=220158"},{"taxonomy":"product_cat","embeddable":true,"href":"https:\/\/admir-cafes.ch\/index.php\/wp-json\/wp\/v2\/product_cat?post=220158"},{"taxonomy":"product_tag","embeddable":true,"href":"https:\/\/admir-cafes.ch\/index.php\/wp-json\/wp\/v2\/product_tag?post=220158"}],"curies":[{"name":"wp","href":"https:\/\/api.w.org\/{rel}","templated":true}]}}