{"id":220148,"date":"2020-01-22T11:02:11","date_gmt":"2020-01-22T10:02:11","guid":{"rendered":"https:\/\/admir-cafes.ch\/?post_type=product&#038;p=220148"},"modified":"2025-03-10T10:34:38","modified_gmt":"2025-03-10T09:34:38","slug":"melange-ajaccio-grains","status":"publish","type":"product","link":"https:\/\/admir-cafes.ch\/index.php\/produit\/melange-ajaccio-grains\/","title":{"rendered":"Ajaccio"},"content":{"rendered":"","protected":false},"excerpt":{"rendered":"<p><strong>95% arabica &#8211; 5% robusta<\/strong><\/p>\n<p>La rencontre subtile entre les grandes plaines d\u2019Afrique et les hautes montagnes du Guatemala. Un assemblage parfait, cr\u00e9e en 2012 et torr\u00e9fi\u00e9 artisanalement, pour r\u00e9v\u00e9ler des notes subtiles de coing et d\u2019abricot. Une recette signature, unique et originale, qui vous s\u00e9duira par sa saveur intense.<\/p>\n","protected":false},"featured_media":225331,"comment_status":"open","ping_status":"closed","template":"","meta":{"_et_pb_use_builder":"","_et_pb_old_content":"","_et_gb_content_width":""},"product_brand":[],"product_cat":[23],"product_tag":[],"class_list":{"0":"post-220148","1":"product","2":"type-product","3":"status-publish","4":"has-post-thumbnail","6":"product_cat-grains","8":"first","9":"instock","10":"taxable","11":"shipping-taxable","12":"purchasable","13":"product-type-variable","14":"has-default-attributes"},"_links":{"self":[{"href":"https:\/\/admir-cafes.ch\/index.php\/wp-json\/wp\/v2\/product\/220148"}],"collection":[{"href":"https:\/\/admir-cafes.ch\/index.php\/wp-json\/wp\/v2\/product"}],"about":[{"href":"https:\/\/admir-cafes.ch\/index.php\/wp-json\/wp\/v2\/types\/product"}],"replies":[{"embeddable":true,"href":"https:\/\/admir-cafes.ch\/index.php\/wp-json\/wp\/v2\/comments?post=220148"}],"wp:featuredmedia":[{"embeddable":true,"href":"https:\/\/admir-cafes.ch\/index.php\/wp-json\/wp\/v2\/media\/225331"}],"wp:attachment":[{"href":"https:\/\/admir-cafes.ch\/index.php\/wp-json\/wp\/v2\/media?parent=220148"}],"wp:term":[{"taxonomy":"product_brand","embeddable":true,"href":"https:\/\/admir-cafes.ch\/index.php\/wp-json\/wp\/v2\/product_brand?post=220148"},{"taxonomy":"product_cat","embeddable":true,"href":"https:\/\/admir-cafes.ch\/index.php\/wp-json\/wp\/v2\/product_cat?post=220148"},{"taxonomy":"product_tag","embeddable":true,"href":"https:\/\/admir-cafes.ch\/index.php\/wp-json\/wp\/v2\/product_tag?post=220148"}],"curies":[{"name":"wp","href":"https:\/\/api.w.org\/{rel}","templated":true}]}}