{"id":220113,"date":"2020-01-22T10:29:00","date_gmt":"2020-01-22T09:29:00","guid":{"rendered":"https:\/\/admir-cafes.ch\/?post_type=product&#038;p=220113"},"modified":"2025-03-10T10:38:00","modified_gmt":"2025-03-10T09:38:00","slug":"deca-250g-grains","status":"publish","type":"product","link":"https:\/\/admir-cafes.ch\/index.php\/produit\/deca-250g-grains\/","title":{"rendered":"D\u00e9ca"},"content":{"rendered":"","protected":false},"excerpt":{"rendered":"<p>250g en grains<\/p>\n<p><strong>100% arabica<\/strong><\/p>\n<p>Une s\u00e9lection soign\u00e9e des meilleurs grains \u00e0 travers le monde nous permet de vous proposer un caf\u00e9 d\u00e9caf\u00e9in\u00e9 chaleureux et tout en rondeur. Les grains sont soigneusements d\u00e9caf\u00e9in\u00e9s selon une m\u00e9thode dite \u00e0 l\u2019eau. Sa torr\u00e9faction d\u00e9licate, r\u00e9v\u00e8le tous les ar\u00f4mes de cette recette originale. Votre moment caf\u00e9 tout en douceur.<\/p>\n","protected":false},"featured_media":225329,"comment_status":"open","ping_status":"closed","template":"","meta":{"_et_pb_use_builder":"","_et_pb_old_content":"","_et_gb_content_width":""},"product_brand":[],"product_cat":[23],"product_tag":[],"class_list":{"0":"post-220113","1":"product","2":"type-product","3":"status-publish","4":"has-post-thumbnail","6":"product_cat-grains","8":"first","9":"instock","10":"taxable","11":"shipping-taxable","12":"purchasable","13":"product-type-simple"},"_links":{"self":[{"href":"https:\/\/admir-cafes.ch\/index.php\/wp-json\/wp\/v2\/product\/220113"}],"collection":[{"href":"https:\/\/admir-cafes.ch\/index.php\/wp-json\/wp\/v2\/product"}],"about":[{"href":"https:\/\/admir-cafes.ch\/index.php\/wp-json\/wp\/v2\/types\/product"}],"replies":[{"embeddable":true,"href":"https:\/\/admir-cafes.ch\/index.php\/wp-json\/wp\/v2\/comments?post=220113"}],"wp:featuredmedia":[{"embeddable":true,"href":"https:\/\/admir-cafes.ch\/index.php\/wp-json\/wp\/v2\/media\/225329"}],"wp:attachment":[{"href":"https:\/\/admir-cafes.ch\/index.php\/wp-json\/wp\/v2\/media?parent=220113"}],"wp:term":[{"taxonomy":"product_brand","embeddable":true,"href":"https:\/\/admir-cafes.ch\/index.php\/wp-json\/wp\/v2\/product_brand?post=220113"},{"taxonomy":"product_cat","embeddable":true,"href":"https:\/\/admir-cafes.ch\/index.php\/wp-json\/wp\/v2\/product_cat?post=220113"},{"taxonomy":"product_tag","embeddable":true,"href":"https:\/\/admir-cafes.ch\/index.php\/wp-json\/wp\/v2\/product_tag?post=220113"}],"curies":[{"name":"wp","href":"https:\/\/api.w.org\/{rel}","templated":true}]}}