{"id":220110,"date":"2020-01-22T10:27:30","date_gmt":"2020-01-22T09:27:30","guid":{"rendered":"https:\/\/admir-cafes.ch\/?post_type=product&#038;p=220110"},"modified":"2025-03-10T10:38:57","modified_gmt":"2025-03-10T09:38:57","slug":"bio-max-havelaar-250g-grains","status":"publish","type":"product","link":"https:\/\/admir-cafes.ch\/index.php\/produit\/bio-max-havelaar-250g-grains\/","title":{"rendered":"PERU &#8211; Bio &#038; Fairtrade"},"content":{"rendered":"","protected":false},"excerpt":{"rendered":"<p>250g en grains<\/p>\n<p><strong>Pure origine, 100% arabica<\/strong><\/p>\n<p>Ce caf\u00e9 certifi\u00e9 Max Havelaar est cultiv\u00e9 sur les plateaux montagneux du P\u00e9rou. Un caf\u00e9 Bio et \u00e9quitable, respectueux des terres agricoles mais aussi des cultivateurs, qui s\u2019engage \u00e0 vous offrir \u00e0 chaque d\u00e9gustation une grande douceur, finement acidul\u00e9e, aux notes de fruits rouges. Un caf\u00e9 qui vous transporte au c\u0153ur de la for\u00eat amazonienne.<\/p>\n","protected":false},"featured_media":225269,"comment_status":"open","ping_status":"closed","template":"","meta":{"_et_pb_use_builder":"off","_et_pb_old_content":"Ce Pure Origine 100% Arabica subtilement doux et \u00e9quilibr\u00e9 est certifi\u00e9 Max Havelaar commerce \u00e9quitable et bio.","_et_gb_content_width":""},"product_brand":[],"product_cat":[23],"product_tag":[],"class_list":{"0":"post-220110","1":"product","2":"type-product","3":"status-publish","4":"has-post-thumbnail","6":"product_cat-grains","8":"first","9":"instock","10":"taxable","11":"shipping-taxable","12":"purchasable","13":"product-type-variable","14":"has-default-attributes"},"_links":{"self":[{"href":"https:\/\/admir-cafes.ch\/index.php\/wp-json\/wp\/v2\/product\/220110"}],"collection":[{"href":"https:\/\/admir-cafes.ch\/index.php\/wp-json\/wp\/v2\/product"}],"about":[{"href":"https:\/\/admir-cafes.ch\/index.php\/wp-json\/wp\/v2\/types\/product"}],"replies":[{"embeddable":true,"href":"https:\/\/admir-cafes.ch\/index.php\/wp-json\/wp\/v2\/comments?post=220110"}],"wp:featuredmedia":[{"embeddable":true,"href":"https:\/\/admir-cafes.ch\/index.php\/wp-json\/wp\/v2\/media\/225269"}],"wp:attachment":[{"href":"https:\/\/admir-cafes.ch\/index.php\/wp-json\/wp\/v2\/media?parent=220110"}],"wp:term":[{"taxonomy":"product_brand","embeddable":true,"href":"https:\/\/admir-cafes.ch\/index.php\/wp-json\/wp\/v2\/product_brand?post=220110"},{"taxonomy":"product_cat","embeddable":true,"href":"https:\/\/admir-cafes.ch\/index.php\/wp-json\/wp\/v2\/product_cat?post=220110"},{"taxonomy":"product_tag","embeddable":true,"href":"https:\/\/admir-cafes.ch\/index.php\/wp-json\/wp\/v2\/product_tag?post=220110"}],"curies":[{"name":"wp","href":"https:\/\/api.w.org\/{rel}","templated":true}]}}