{"id":3,"date":"2020-01-15T08:30:08","date_gmt":"2020-01-15T08:30:08","guid":{"rendered":"https:\/\/admir-cafes.ch\/?page_id=3"},"modified":"2020-04-09T14:53:28","modified_gmt":"2020-04-09T13:53:28","slug":"privacy-policy","status":"publish","type":"page","link":"https:\/\/admir-cafes.ch\/index.php\/privacy-policy\/","title":{"rendered":"Politique de confidentialit\u00e9"},"content":{"rendered":"<h3 class=\"wp-block-heading\"><strong>CONSEIL G\u00c9N\u00c9RAL<\/strong><\/h3><p>Conform\u00e9ment \u00e0 l&rsquo;article 13 de la Constitution f\u00e9d\u00e9rale suisse et aux dispositions de la Conf\u00e9d\u00e9ration sur la protection des donn\u00e9es (loi sur la protection des donn\u00e9es, DSG&nbsp;), toute personne a droit \u00e0 la protection de sa vie priv\u00e9e et \u00e0 la protection contre l&rsquo;utilisation abusive de ses donn\u00e9es personnelles.&nbsp;Les op\u00e9rateurs de ces pages prennent tr\u00e8s au s\u00e9rieux la protection de vos donn\u00e9es personnelles.&nbsp;Nous traitons vos donn\u00e9es personnelles de mani\u00e8re confidentielle et conform\u00e9ment aux dispositions l\u00e9gales en mati\u00e8re de protection des donn\u00e9es et \u00e0 cette d\u00e9claration de protection des donn\u00e9es.<\/p><p>En coop\u00e9ration avec nos h\u00e9bergeurs, nous nous effor\u00e7ons de prot\u00e9ger au mieux les bases de donn\u00e9es contre les acc\u00e8s ext\u00e9rieurs, la perte, la mauvaise utilisation ou la contrefa\u00e7on.<\/p><p>Nous tenons \u00e0 souligner que la transmission de donn\u00e9es sur Internet (par exemple lors de la communication par e-mail) peut pr\u00e9senter des failles de s\u00e9curit\u00e9.&nbsp;Il n&rsquo;est pas possible de prot\u00e9ger compl\u00e8tement les donn\u00e9es d&rsquo;un acc\u00e8s tiers.<\/p><p>En utilisant ce site Web, vous acceptez la collecte, le traitement et l&rsquo;utilisation des donn\u00e9es comme d\u00e9crit ci-dessous.&nbsp;Ce site Web peut g\u00e9n\u00e9ralement \u00eatre visit\u00e9 sans inscription.&nbsp;Des donn\u00e9es telles que les pages consult\u00e9es ou le nom du fichier consult\u00e9, la date et l&rsquo;heure sont stock\u00e9es sur le serveur \u00e0 des fins statistiques sans que ces donn\u00e9es vous soient directement li\u00e9es.&nbsp;Les donn\u00e9es personnelles, en particulier le nom, l&rsquo;adresse ou l&rsquo;adresse e-mail, sont collect\u00e9es dans la mesure du possible sur une base volontaire.&nbsp;Sans votre consentement, les donn\u00e9es ne seront pas transmises \u00e0 des tiers.<br><\/p><p><\/p><h3 class=\"wp-block-heading\">T<strong>RAITEMENT DES DONN\u00c9ES PERSONNELLES<\/strong><\/h3><p>Les donn\u00e9es personnelles sont toutes les informations relatives \u00e0 une personne sp\u00e9cifique ou identifiable.&nbsp;Une personne concern\u00e9e est une personne qui est utilis\u00e9e pour traiter des donn\u00e9es personnelles.&nbsp;Le traitement comprend toutes les manipulations de donn\u00e9es personnelles, quels que soient les moyens et proc\u00e9dures utilis\u00e9s, en particulier le stockage, la divulgation, l&rsquo;approvisionnement, la suppression, le stockage, la modification, la destruction et l&rsquo;utilisation des donn\u00e9es personnelles.<\/p><p>Nous traitons les donn\u00e9es personnelles conform\u00e9ment \u00e0 la loi suisse sur la protection des donn\u00e9es.&nbsp;En outre, nous traitons &#8211; dans la mesure o\u00f9 et dans la mesure o\u00f9 le RGPD UE est applicable &#8211; les donn\u00e9es personnelles conform\u00e9ment aux bases juridiques suivantes en rapport avec l&rsquo;article 6, paragraphe 1, du RGPD&nbsp;:<\/p><p>\u00b7&nbsp;&nbsp;&nbsp;&nbsp;&nbsp;&nbsp;&nbsp;&nbsp;&nbsp;allum\u00e9.&nbsp;a) Traitement des donn\u00e9es personnelles avec le consentement de la personne concern\u00e9e.<\/p><p>\u00b7&nbsp;&nbsp;&nbsp;&nbsp;&nbsp;&nbsp;&nbsp;&nbsp;&nbsp;allum\u00e9.&nbsp;b) Traitement des donn\u00e9es personnelles pour ex\u00e9cuter un contrat avec la personne concern\u00e9e et pour ex\u00e9cuter les mesures pr\u00e9contractuelles correspondantes.<\/p><p>\u00b7&nbsp;&nbsp;&nbsp;&nbsp;&nbsp;&nbsp;&nbsp;&nbsp;&nbsp;allum\u00e9.&nbsp;c) Traitement des donn\u00e9es personnelles pour remplir une obligation l\u00e9gale \u00e0 laquelle nous sommes soumis conform\u00e9ment \u00e0 toute loi europ\u00e9enne applicable ou conform\u00e9ment \u00e0 toute loi applicable d&rsquo;un pays dans lequel le RGPD est&nbsp;enti\u00e8rement ou partiellement applicable.<\/p><p>\u00b7&nbsp;&nbsp;&nbsp;&nbsp;&nbsp;&nbsp;&nbsp;&nbsp;&nbsp;allum\u00e9.&nbsp;d) Traitement des donn\u00e9es personnelles afin de prot\u00e9ger les int\u00e9r\u00eats vitaux de la personne concern\u00e9e ou d&rsquo;une autre personne physique.<\/p><p>\u00b7&nbsp;&nbsp;&nbsp;&nbsp;&nbsp;&nbsp;&nbsp;&nbsp;&nbsp;allum\u00e9.&nbsp;f) Traitement des donn\u00e9es personnelles afin de prot\u00e9ger nos int\u00e9r\u00eats l\u00e9gitimes ou ceux de tiers, \u00e0 condition que les libert\u00e9s et droits fondamentaux ainsi que les int\u00e9r\u00eats de la personne concern\u00e9e ne pr\u00e9valent pas.&nbsp;Les int\u00e9r\u00eats l\u00e9gitimes sont en particulier notre int\u00e9r\u00eat commercial \u00e0 pouvoir fournir notre site Web, la s\u00e9curit\u00e9 des informations, le respect de nos propres droits et le respect du droit suisse.<\/p><p>Nous traitons les donn\u00e9es personnelles pendant la dur\u00e9e n\u00e9cessaire \u00e0 la ou aux fins respectives.&nbsp;Dans le cas d&rsquo;obligations de stockage \u00e0 plus long terme dues \u00e0 des obligations l\u00e9gales et autres auxquelles nous sommes soumis, nous limitons le traitement en cons\u00e9quence.<\/p><p><\/p><h3 class=\"wp-block-heading\"><strong>POLITIQUE DE CONFIDENTIALIT\u00c9 POUR LES COOKIES<\/strong><\/h3><p>Ce site utilise des cookies.&nbsp;Il s&rsquo;agit de petits fichiers texte qui permettent de stocker des informations sp\u00e9cifiques li\u00e9es \u00e0 l&rsquo;utilisateur sur l&rsquo;appareil de l&rsquo;utilisateur lors de l&rsquo;utilisation du site Web.&nbsp;Les cookies permettent notamment de d\u00e9terminer la fr\u00e9quence d&rsquo;utilisation et le nombre d&rsquo;utilisateurs des pages, d&rsquo;analyser le comportement d&rsquo;utilisation des pages, mais aussi de rendre notre offre plus conviviale.&nbsp;Les cookies restent stock\u00e9s \u00e0 la fin d&rsquo;une session de navigation et peuvent \u00eatre rappel\u00e9s lorsque vous visitez \u00e0 nouveau le site.&nbsp;Si vous ne le souhaitez pas, vous devez configurer votre navigateur Internet pour qu&rsquo;il refuse d&rsquo;accepter les cookies.<\/p><p>Une objection g\u00e9n\u00e9rale \u00e0 l&rsquo;utilisation de cookies utilis\u00e9s \u00e0 des fins de marketing en ligne peut \u00eatre trouv\u00e9e sur un grand nombre de services, en particulier dans le cas du suivi, via le site Web am\u00e9ricain&nbsp;<a rel=\"noreferrer noopener\" href=\"https:\/\/www.aboutads.info\/choices\/\" target=\"_blank\">https:\/\/www.aboutads.info\/choices\/<\/a>&nbsp;ou le site Web de l&rsquo;UE&nbsp;<a rel=\"noreferrer noopener\" href=\"https:\/\/www.youronlinechoices.com\/\" target=\"_blank\">https:\/\/www.youronlinechoices.com\/<\/a>&nbsp;<br>peut \u00eatre expliqu\u00e9.&nbsp;De plus, les cookies peuvent \u00eatre enregistr\u00e9s en les d\u00e9sactivant dans les param\u00e8tres du navigateur.&nbsp;Veuillez noter que toutes les fonctions de cette offre en ligne ne peuvent pas \u00eatre utilis\u00e9es.<\/p><p><\/p><h3 class=\"wp-block-heading\"><strong>D\u00c9CLARATION DE PROTECTION DES DONN\u00c9ES POUR LE CRYPTAGE SSL<\/strong><\/h3><p>Le fournisseur de ce site Web collecte et stocke automatiquement des informations dans des fichiers journaux de serveur, que votre navigateur nous transmet automatiquement.&nbsp;Ce sont:<\/p><p>\u00b7&nbsp;&nbsp;&nbsp;&nbsp;&nbsp;&nbsp;&nbsp;&nbsp;&nbsp;Type et version du navigateur<\/p><p>\u00b7&nbsp;&nbsp;&nbsp;&nbsp;&nbsp;&nbsp;&nbsp;&nbsp;&nbsp;Syst\u00e8me d&rsquo;exploitation utilis\u00e9<\/p><p>\u00b7&nbsp;&nbsp;&nbsp;&nbsp;&nbsp;&nbsp;&nbsp;&nbsp;&nbsp;URL de r\u00e9f\u00e9rence<\/p><p>\u00b7&nbsp;&nbsp;&nbsp;&nbsp;&nbsp;&nbsp;&nbsp;&nbsp;&nbsp;Nom d&rsquo;h\u00f4te de l&rsquo;ordinateur acc\u00e9dant<\/p><p>\u00b7&nbsp;&nbsp;&nbsp;&nbsp;&nbsp;&nbsp;&nbsp;&nbsp;&nbsp;Heure de la demande du serveur<\/p><p>Ces donn\u00e9es ne peuvent pas \u00eatre attribu\u00e9es \u00e0 des personnes sp\u00e9cifiques.&nbsp;Ces donn\u00e9es ne sont pas fusionn\u00e9es avec d&rsquo;autres sources de donn\u00e9es.&nbsp;Nous nous r\u00e9servons le droit de v\u00e9rifier ces donn\u00e9es r\u00e9trospectivement si nous prenons connaissance d&rsquo;indications sp\u00e9cifiques d&rsquo;utilisation ill\u00e9gale.<\/p><p><\/p><h3 class=\"wp-block-heading\"><strong>SERVICES TIERS<\/strong><\/h3><p>Ce site Web utilise Google Maps pour l&rsquo;int\u00e9gration de cartes, Google Invisible reCAPTCHA pour la protection contre les robots et le spam et YouTube pour l&rsquo;int\u00e9gration de vid\u00e9os.<\/p><p>Ces services de l&rsquo;American Google LLC utilisent, entre autres, des cookies et, par cons\u00e9quent, des donn\u00e9es sont transf\u00e9r\u00e9es \u00e0 Google aux \u00c9tats-Unis.Nous supposons donc qu&rsquo;aucun suivi personnel n&rsquo;a lieu dans ce contexte uniquement via l&rsquo;utilisation de notre site Web.<\/p><p>Google s&rsquo;engage \u00e0 assurer une protection ad\u00e9quate des donn\u00e9es conform\u00e9ment au bouclier de protection des donn\u00e9es am\u00e9ricano-europ\u00e9en et am\u00e9ricano-suisse.<\/p><p>Vous trouverez de plus amples informations dans&nbsp;<a href=\"https:\/\/policies.google.com\/privacy?hl=de\" target=\"_blank\" rel=\"noreferrer noopener\">la d\u00e9claration de protection des donn\u00e9es de Google<\/a>&nbsp;.<\/p><p><\/p><h3 class=\"wp-block-heading\"><strong>D\u00c9CLARATION DE PROTECTION DES DONN\u00c9ES POUR LE FORMULAIRE DE CONTACT<\/strong><\/h3><p>Si vous nous envoyez des demandes en utilisant le formulaire de contact, vos coordonn\u00e9es du formulaire de demande, y compris les coordonn\u00e9es que vous y avez fournies, seront stock\u00e9es par nous aux fins de traitement de la demande et en cas de questions de suivi.&nbsp;Nous ne transmettrons pas ces donn\u00e9es sans votre consentement.<br><\/p><h3 class=\"wp-block-heading\"><strong>D\u00c9CLARATION DE PROTECTION DES DONN\u00c9ES POUR LES DONN\u00c9ES DE LA NEWSLETTER<\/strong><\/h3><p>Si vous souhaitez recevoir la newsletter propos\u00e9e sur ce site, nous avons besoin d&rsquo;une adresse e-mail de votre part ainsi que d&rsquo;informations nous permettant de v\u00e9rifier que vous \u00eates bien le propri\u00e9taire de l&rsquo;adresse e-mail fournie et que vous acceptez de recevoir la newsletter .&nbsp;Aucune autre donn\u00e9e n&rsquo;est collect\u00e9e.&nbsp;Nous utilisons uniquement ces donn\u00e9es pour envoyer les informations demand\u00e9es et ne les transmettons pas \u00e0 des tiers.<\/p><p>Vous pouvez r\u00e9voquer \u00e0 tout moment votre consentement au stockage des donn\u00e9es, de l&rsquo;adresse e-mail et de son utilisation pour l&rsquo;envoi de la newsletter, par exemple via le lien \u00ab\u00a0se d\u00e9sinscrire\u00a0\u00bb de la newsletter.<\/p><h3 class=\"wp-block-heading\"><strong>D\u00c9CLARATION DE PROTECTION DES DONN\u00c9ES POUR LE DROIT \u00c0 L&rsquo;INFORMATION, LA SUPPRESSION, LE BLOCAGE<\/strong><\/h3><p>Vous avez le droit de lib\u00e9rer des informations sur vos donn\u00e9es personnelles stock\u00e9es, leur origine et leur destinataire et la finalit\u00e9 du traitement des donn\u00e9es ainsi que le droit de corriger, bloquer ou supprimer ces donn\u00e9es \u00e0 tout moment.&nbsp;Vous pouvez nous contacter \u00e0 tout moment \u00e0 l&rsquo;adresse indiqu\u00e9e dans les mentions l\u00e9gales si vous avez d&rsquo;autres questions sur le sujet des donn\u00e9es personnelles.<\/p><h3 class=\"wp-block-heading\"><strong>D\u00c9CLARATION DE PROTECTION DES DONN\u00c9ES POUR OPPOSITION AUX COURRIERS PUBLICITAIRES<\/strong><\/h3><p>Nous nous opposons par la pr\u00e9sente \u00e0 l&rsquo;utilisation des donn\u00e9es de contact publi\u00e9es dans le cadre de l&rsquo;obligation d&rsquo;impression pour l&rsquo;envoi de mat\u00e9riel publicitaire et d&rsquo;information non sollicit\u00e9.&nbsp;Les op\u00e9rateurs des pages se r\u00e9servent express\u00e9ment le droit d&rsquo;engager une action en justice en cas d&rsquo;envoi non sollicit\u00e9 d&rsquo;informations publicitaires, telles que des spams.<\/p><h3 class=\"wp-block-heading\"><strong>SERVICES PAYANTS<\/strong><\/h3><p>Pour la fourniture de services payants, nous demandons des donn\u00e9es suppl\u00e9mentaires, telles que les d\u00e9tails de paiement, pour traiter votre commande ou pour pouvoir ex\u00e9cuter votre commande.<\/p>","protected":false},"excerpt":{"rendered":"<p>CONSEIL G\u00c9N\u00c9RAL Conform\u00e9ment \u00e0 l&rsquo;article 13 de la Constitution f\u00e9d\u00e9rale suisse et aux dispositions de la Conf\u00e9d\u00e9ration sur la protection des donn\u00e9es (loi sur la protection des donn\u00e9es, DSG&nbsp;), toute personne a droit \u00e0 la protection de sa vie priv\u00e9e et \u00e0 la protection contre l&rsquo;utilisation abusive de ses donn\u00e9es personnelles.&nbsp;Les op\u00e9rateurs de ces pages [&hellip;]<\/p>\n","protected":false},"author":1,"featured_media":0,"parent":0,"menu_order":0,"comment_status":"closed","ping_status":"closed","template":"","meta":{"_et_pb_use_builder":"off","_et_pb_old_content":"<!-- wp:heading --><h2>Who we are<\/h2><!-- \/wp:heading --><!-- wp:paragraph --><p>Our website address is: https:\/\/admir-cafes.ch\/sho20.<\/p><!-- \/wp:paragraph --><!-- wp:heading --><h2>What personal data we collect and why we collect it<\/h2><!-- \/wp:heading --><!-- wp:heading {\"level\":3} --><h3>Comments<\/h3><!-- \/wp:heading --><!-- wp:paragraph --><p>When visitors leave comments on the site we collect the data shown in the comments form, and also the visitor&#8217;s IP address and browser user agent string to help spam detection.<\/p><!-- \/wp:paragraph --><!-- wp:paragraph --><p>An anonymized string created from your email address (also called a hash) may be provided to the Gravatar service to see if you are using it. The Gravatar service privacy policy is available here: https:\/\/automattic.com\/privacy\/. After approval of your comment, your profile picture is visible to the public in the context of your comment.<\/p><!-- \/wp:paragraph --><!-- wp:heading {\"level\":3} --><h3>Media<\/h3><!-- \/wp:heading --><!-- wp:paragraph --><p>If you upload images to the website, you should avoid uploading images with embedded location data (EXIF GPS) included. Visitors to the website can download and extract any location data from images on the website.<\/p><!-- \/wp:paragraph --><!-- wp:heading {\"level\":3} --><h3>Contact forms<\/h3><!-- \/wp:heading --><!-- wp:heading {\"level\":3} --><h3>Cookies<\/h3><!-- \/wp:heading --><!-- wp:paragraph --><p>If you leave a comment on our site you may opt-in to saving your name, email address and website in cookies. These are for your convenience so that you do not have to fill in your details again when you leave another comment. These cookies will last for one year.<\/p><!-- \/wp:paragraph --><!-- wp:paragraph --><p>If you visit our login page, we will set a temporary cookie to determine if your browser accepts cookies. This cookie contains no personal data and is discarded when you close your browser.<\/p><!-- \/wp:paragraph --><!-- wp:paragraph --><p>When you log in, we will also set up several cookies to save your login information and your screen display choices. Login cookies last for two days, and screen options cookies last for a year. If you select &quot;Remember Me&quot;, your login will persist for two weeks. If you log out of your account, the login cookies will be removed.<\/p><!-- \/wp:paragraph --><!-- wp:paragraph --><p>If you edit or publish an article, an additional cookie will be saved in your browser. This cookie includes no personal data and simply indicates the post ID of the article you just edited. It expires after 1 day.<\/p><!-- \/wp:paragraph --><!-- wp:heading {\"level\":3} --><h3>Embedded content from other websites<\/h3><!-- \/wp:heading --><!-- wp:paragraph --><p>Articles on this site may include embedded content (e.g. videos, images, articles, etc.). Embedded content from other websites behaves in the exact same way as if the visitor has visited the other website.<\/p><!-- \/wp:paragraph --><!-- wp:paragraph --><p>These websites may collect data about you, use cookies, embed additional third-party tracking, and monitor your interaction with that embedded content, including tracking your interaction with the embedded content if you have an account and are logged in to that website.<\/p><!-- \/wp:paragraph --><!-- wp:heading {\"level\":3} --><h3>Analytics<\/h3><!-- \/wp:heading --><!-- wp:heading --><h2>Who we share your data with<\/h2><!-- \/wp:heading --><!-- wp:heading --><h2>How long we retain your data<\/h2><!-- \/wp:heading --><!-- wp:paragraph --><p>If you leave a comment, the comment and its metadata are retained indefinitely. This is so we can recognize and approve any follow-up comments automatically instead of holding them in a moderation queue.<\/p><!-- \/wp:paragraph --><!-- wp:paragraph --><p>For users that register on our website (if any), we also store the personal information they provide in their user profile. All users can see, edit, or delete their personal information at any time (except they cannot change their username). Website administrators can also see and edit that information.<\/p><!-- \/wp:paragraph --><!-- wp:heading --><h2>What rights you have over your data<\/h2><!-- \/wp:heading --><!-- wp:paragraph --><p>If you have an account on this site, or have left comments, you can request to receive an exported file of the personal data we hold about you, including any data you have provided to us. You can also request that we erase any personal data we hold about you. This does not include any data we are obliged to keep for administrative, legal, or security purposes.<\/p><!-- \/wp:paragraph --><!-- wp:heading --><h2>Where we send your data<\/h2><!-- \/wp:heading --><!-- wp:paragraph --><p>Visitor comments may be checked through an automated spam detection service.<\/p><!-- \/wp:paragraph --><!-- wp:heading --><h2>Your contact information<\/h2><!-- \/wp:heading --><!-- wp:heading --><h2>Additional information<\/h2><!-- \/wp:heading --><!-- wp:heading {\"level\":3} --><h3>How we protect your data<\/h3><!-- \/wp:heading --><!-- wp:heading {\"level\":3} --><h3>What data breach procedures we have in place<\/h3><!-- \/wp:heading --><!-- wp:heading {\"level\":3} --><h3>What third parties we receive data from<\/h3><!-- \/wp:heading --><!-- wp:heading {\"level\":3} --><h3>What automated decision making and\/or profiling we do with user data<\/h3><!-- \/wp:heading --><!-- wp:heading {\"level\":3} --><h3>Industry regulatory disclosure requirements<\/h3><!-- \/wp:heading -->","_et_gb_content_width":"","footnotes":""},"class_list":["post-3","page","type-page","status-publish","hentry"],"_links":{"self":[{"href":"https:\/\/admir-cafes.ch\/index.php\/wp-json\/wp\/v2\/pages\/3"}],"collection":[{"href":"https:\/\/admir-cafes.ch\/index.php\/wp-json\/wp\/v2\/pages"}],"about":[{"href":"https:\/\/admir-cafes.ch\/index.php\/wp-json\/wp\/v2\/types\/page"}],"author":[{"embeddable":true,"href":"https:\/\/admir-cafes.ch\/index.php\/wp-json\/wp\/v2\/users\/1"}],"replies":[{"embeddable":true,"href":"https:\/\/admir-cafes.ch\/index.php\/wp-json\/wp\/v2\/comments?post=3"}],"version-history":[{"count":0,"href":"https:\/\/admir-cafes.ch\/index.php\/wp-json\/wp\/v2\/pages\/3\/revisions"}],"wp:attachment":[{"href":"https:\/\/admir-cafes.ch\/index.php\/wp-json\/wp\/v2\/media?parent=3"}],"curies":[{"name":"wp","href":"https:\/\/api.w.org\/{rel}","templated":true}]}}