{"id":221718,"date":"2020-03-22T14:18:39","date_gmt":"2020-03-22T13:18:39","guid":{"rendered":"https:\/\/admir-cafes.ch\/?page_id=221718"},"modified":"2021-03-03T06:30:34","modified_gmt":"2021-03-03T05:30:34","slug":"conditions-generales-de-vente-2","status":"publish","type":"page","link":"https:\/\/admir-cafes.ch\/index.php\/conditions-generales-de-vente-2\/","title":{"rendered":"Conditions g\u00e9n\u00e9rales de vente"},"content":{"rendered":"<h3 class=\"has-text-align-left wp-block-heading\"><strong>Admir&nbsp;Caf\u00e9s SA<\/strong><\/h3><p>Les conditions g\u00e9n\u00e9rales suivantes s&rsquo;appliquent exclusivement aux clients priv\u00e9s et gastro.&nbsp;Diff\u00e9rentes dispositions s&rsquo;appliquent \u00e0 la revente.<\/p><h3 class=\"has-text-align-left wp-block-heading\"><strong>G\u00e9n\u00e9ral<\/strong><\/h3><p>Les conditions g\u00e9n\u00e9rales sont \u00e0 la base d&rsquo;une relation client \u00e9quitable.&nbsp;Lors de l&rsquo;envoi d&rsquo;une commande, le client accepte les conditions g\u00e9n\u00e9rales.&nbsp;Nous mettons tout en \u0153uvre pour servir nos clients \u00e0 leurs besoins et \u00e0 leur enti\u00e8re satisfaction.<\/p><h3 class=\"wp-block-heading\"><strong>Port\u00e9e<\/strong><\/h3><p>Notre gamme compl\u00e8te de&nbsp;<a rel=\"noreferrer noopener\" href=\"http:\/\/www.admir-cafes.ch\/\" target=\"_blank\">www.admir-cafes.ch<\/a>&nbsp;est destin\u00e9e aux clients en Suisse et dans la Principaut\u00e9 de Lichtenstein.&nbsp;Les livraisons \u00e0 l&rsquo;\u00e9tranger n\u00e9cessitent un accord pr\u00e9alable.<\/p><h3 class=\"wp-block-heading\"><strong>Les prix<\/strong><\/h3><p>Tous les prix sont par article en francs suisses, TVA incluse.&nbsp;Les changements de prix et les promotions limit\u00e9es dans le temps sont possibles \u00e0 tout moment et ne n\u00e9cessitent aucune annonce.<\/p><h3 class=\"wp-block-heading\"><strong>Les paiements<\/strong><\/h3><p>Nos prix sont nets, payables sous 30 jours;&nbsp;Les remises en esp\u00e8ces ne sont pas reconnues.&nbsp;Les marchandises restent la propri\u00e9t\u00e9 de&nbsp;Admir&nbsp;Caf\u00e9s SA jusqu&rsquo;au paiement int\u00e9gral de la facture.&nbsp;Un int\u00e9r\u00eat de retard peut \u00eatre factur\u00e9 pour les retards de paiement.&nbsp;Admir&nbsp;Caf\u00e9s SA se r\u00e9serve le droit de facturer des frais de rappel.&nbsp;Tous les paiements par carte de cr\u00e9dit sont trait\u00e9s \u00e0 l&rsquo;aide de Bs Payone. Bs Payone est la solution de paiement \u00e9lectronique s\u00e9curis\u00e9e pour le traitement des paiements en ligne sur Internet.&nbsp;La plateforme de paiement certifi\u00e9e garantit des transactions de paiement simples et s\u00e9curis\u00e9es pour les cartes de cr\u00e9dit et de d\u00e9bit, \u00e0 la fois pour l&rsquo;exploitant du magasin et pour le titulaire de la carte.<\/p><h3 class=\"wp-block-heading\"><strong>Traitement des commandes<\/strong><\/h3><p>Apr\u00e8s r\u00e9ception de la commande \u00e9lectronique, la commande est v\u00e9rifi\u00e9e.&nbsp;Tout changement sera communiqu\u00e9 par t\u00e9l\u00e9phone ou par voie \u00e9lectronique dans les cinq jours ouvrables.<\/p><h3 class=\"wp-block-heading\"><strong>Frais de livraison et d&#8217;emballage<\/strong><\/h3><p>La livraison est effectu\u00e9e au destinataire de la facture ou \u00e0 une adresse de livraison choisie par lui.&nbsp;En principe, les marchandises command\u00e9es sont livr\u00e9es en notre nom par camion, poste ou notre propre service de livraison selon les r\u00e8gles de co\u00fbts suivantes:<\/p><p><strong>Envoi Economy<\/strong><\/p><figure class=\"wp-block-table is-style-stripes\"><table><tbody><tr><td><strong>jusqu&rsquo;\u00e0 2kg<\/strong><\/td><td>Frais d&rsquo;exp\u00e9dition CHF 7.00<\/td><\/tr><tr><td><strong>de 2.1kg \u00e0 5kg<\/strong><\/td><td>Frais d&rsquo;exp\u00e9dition CHF 9.00<\/td><\/tr><tr><td><strong>de 5.1kg \u00e0 10kg<\/strong><\/td><td>Frais d&rsquo;exp\u00e9dition CHF 10.00<\/td><\/tr><tr><td><strong>de 10.1kg \u00e0 20kg<\/strong><\/td><td>Frais d&rsquo;exp\u00e9dition CHF 15.00<\/td><\/tr><tr><td><strong>de 20.1kg \u00e0 30kg et plus<\/strong><\/td><td>Frais d&rsquo;exp\u00e9dition CHF 22.00<\/td><\/tr><\/tbody><\/table><\/figure><p><strong>Envoi Priority<\/strong><\/p><figure class=\"wp-block-table is-style-stripes\"><table><tbody><tr><td><strong>jusqu&rsquo;\u00e0 2kg<\/strong><\/td><td>Frais d&rsquo;exp\u00e9dition CHF 9.00<\/td><\/tr><tr><td><strong>de 2.1kg \u00e0 10kg<\/strong><\/td><td>Frais d&rsquo;exp\u00e9dition CHF 10.70<\/td><\/tr><tr><td><strong>de 10.1kg \u00e0 30kg et plus <\/strong><\/td><td>Frais d&rsquo;exp\u00e9dition CHF 23.00<\/td><\/tr><\/tbody><\/table><\/figure><p>Livraison gratuite<\/p><figure class=\"wp-block-table is-style-stripes\"><table><tbody><tr><td><strong>Commandes d\u00e8s CHF 74<\/strong><\/td><td>Livraison gratuite<\/td><\/tr><\/tbody><\/table><\/figure><p>Tous les frais express sont \u00e0 la charge du client.<\/p><h3 class=\"wp-block-heading\"><strong>Extradition<\/strong><\/h3><p>Les marchandises seront livr\u00e9es le plus rapidement possible.<\/p><h3 class=\"has-text-align-left wp-block-heading\"><strong>Retours<\/strong><\/h3><p>La qualit\u00e9 des marchandises re\u00e7ues doit \u00eatre v\u00e9rifi\u00e9e d\u00e8s leur r\u00e9ception;&nbsp;apr\u00e8s 5 jours, la livraison est consid\u00e9r\u00e9e comme approuv\u00e9e.<br>Aucune indemnit\u00e9 ne sera vers\u00e9e pour les dommages r\u00e9sultant d&rsquo;un stockage inappropri\u00e9.<\/p><h3 class=\"has-text-align-left wp-block-heading\"><strong>Protection des donn\u00e9es<\/strong><\/h3><p>Les donn\u00e9es personnelles des clients sont trait\u00e9es de mani\u00e8re confidentielle conform\u00e9ment \u00e0 la l\u00e9gislation sur la protection des donn\u00e9es et ne sont ni transmises \u00e0 des tiers ni vendues.&nbsp;Les donn\u00e9es sensibles, notamment les informations sur les paiements par carte bancaire, sont transmises sous forme crypt\u00e9e pour la requ\u00eate d&rsquo;autorisation.&nbsp;Seules les donn\u00e9es n\u00e9cessaires au traitement de la commande et simplifiant le fonctionnement de la boutique en ligne pour les clients de retour sont enregistr\u00e9es.<\/p><h3 class=\"has-text-align-left wp-block-heading\"><strong>Responsabilit\u00e9<\/strong><\/h3><p>Admir&nbsp;Caf\u00e9s SA n&rsquo;assume aucune responsabilit\u00e9 pour la non-livraison ou la livraison tardive des produits en raison d&rsquo;adresses de livraison incorrectement d\u00e9clar\u00e9es, de l&rsquo;absence du destinataire, de probl\u00e8mes douaniers (exportation) ou d&rsquo;\u00e9v\u00e9nements imputables \u00e0 un cas de force majeure.<\/p><p><\/p>","protected":false},"excerpt":{"rendered":"<p>Admir&nbsp;Caf\u00e9s SA Les conditions g\u00e9n\u00e9rales suivantes s&rsquo;appliquent exclusivement aux clients priv\u00e9s et gastro.&nbsp;Diff\u00e9rentes dispositions s&rsquo;appliquent \u00e0 la revente. G\u00e9n\u00e9ral Les conditions g\u00e9n\u00e9rales sont \u00e0 la base d&rsquo;une relation client \u00e9quitable.&nbsp;Lors de l&rsquo;envoi d&rsquo;une commande, le client accepte les conditions g\u00e9n\u00e9rales.&nbsp;Nous mettons tout en \u0153uvre pour servir nos clients \u00e0 leurs besoins et \u00e0 leur enti\u00e8re [&hellip;]<\/p>\n","protected":false},"author":1,"featured_media":0,"parent":0,"menu_order":0,"comment_status":"closed","ping_status":"closed","template":"","meta":{"_et_pb_use_builder":"off","_et_pb_old_content":"<!-- wp:heading {\"align\":\"left\",\"level\":3} -->\n<h3 class=\"has-text-align-left\"><strong>Admir&nbsp;Caf\u00e9s SA<\/strong><\/h3>\n<!-- \/wp:heading -->\n\n<!-- wp:paragraph -->\n<p>Les conditions g\u00e9n\u00e9rales suivantes s'appliquent exclusivement aux clients priv\u00e9s et gastro.&nbsp;Diff\u00e9rentes dispositions s'appliquent \u00e0 la revente.<\/p>\n<!-- \/wp:paragraph -->\n\n<!-- wp:heading {\"align\":\"left\",\"level\":3} -->\n<h3 class=\"has-text-align-left\"><strong>G\u00e9n\u00e9ral<\/strong><\/h3>\n<!-- \/wp:heading -->\n\n<!-- wp:paragraph -->\n<p>Les conditions g\u00e9n\u00e9rales sont \u00e0 la base d'une relation client \u00e9quitable.&nbsp;Lors de l'envoi d'une commande, le client accepte les conditions g\u00e9n\u00e9rales.&nbsp;Nous mettons tout en \u0153uvre pour servir nos clients \u00e0 leurs besoins et \u00e0 leur enti\u00e8re satisfaction.<\/p>\n<!-- \/wp:paragraph -->\n\n<!-- wp:heading {\"level\":3} -->\n<h3><strong>Port\u00e9e<\/strong><\/h3>\n<!-- \/wp:heading -->\n\n<!-- wp:paragraph -->\n<p>Notre gamme compl\u00e8te de&nbsp;<a rel=\"noreferrer noopener\" href=\"http:\/\/www.admir-cafes.ch\/\" target=\"_blank\">www.admir-cafes.ch<\/a>&nbsp;est destin\u00e9e aux clients en Suisse et dans la Principaut\u00e9 de Lichtenstein.&nbsp;Les livraisons \u00e0 l'\u00e9tranger n\u00e9cessitent un accord pr\u00e9alable.<\/p>\n<!-- \/wp:paragraph -->\n\n<!-- wp:heading {\"level\":3} -->\n<h3><strong>Les prix<\/strong><\/h3>\n<!-- \/wp:heading -->\n\n<!-- wp:paragraph -->\n<p>Tous les prix sont par article en francs suisses, TVA incluse.&nbsp;Les changements de prix et les promotions limit\u00e9es dans le temps sont possibles \u00e0 tout moment et ne n\u00e9cessitent aucune annonce.<\/p>\n<!-- \/wp:paragraph -->\n\n<!-- wp:heading {\"level\":3} -->\n<h3><strong>Les paiements<\/strong><\/h3>\n<!-- \/wp:heading -->\n\n<!-- wp:paragraph -->\n<p>Nos prix sont nets, payables sous 30 jours;&nbsp;Les remises en esp\u00e8ces ne sont pas reconnues.&nbsp;Les marchandises restent la propri\u00e9t\u00e9 de&nbsp;Admir&nbsp;Caf\u00e9s SA jusqu'au paiement int\u00e9gral de la facture.&nbsp;Un int\u00e9r\u00eat de retard peut \u00eatre factur\u00e9 pour les retards de paiement.&nbsp;Admir&nbsp;Caf\u00e9s SA se r\u00e9serve le droit de facturer des frais de rappel.&nbsp;Tous les paiements par carte de cr\u00e9dit sont trait\u00e9s \u00e0 l'aide de Bs Payone. Bs Payone est la solution de paiement \u00e9lectronique s\u00e9curis\u00e9e pour le traitement des paiements en ligne sur Internet.&nbsp;La plateforme de paiement certifi\u00e9e garantit des transactions de paiement simples et s\u00e9curis\u00e9es pour les cartes de cr\u00e9dit et de d\u00e9bit, \u00e0 la fois pour l'exploitant du magasin et pour le titulaire de la carte.<\/p>\n<!-- \/wp:paragraph -->\n\n<!-- wp:heading {\"level\":3} -->\n<h3><strong>Traitement des commandes<\/strong><\/h3>\n<!-- \/wp:heading -->\n\n<!-- wp:paragraph -->\n<p>Apr\u00e8s r\u00e9ception de la commande \u00e9lectronique, la commande est v\u00e9rifi\u00e9e.&nbsp;Tout changement sera communiqu\u00e9 par t\u00e9l\u00e9phone ou par voie \u00e9lectronique dans les cinq jours ouvrables.<\/p>\n<!-- \/wp:paragraph -->\n\n<!-- wp:heading {\"level\":3} -->\n<h3><strong>Frais de livraison et d'emballage<\/strong><\/h3>\n<!-- \/wp:heading -->\n\n<!-- wp:paragraph -->\n<p>La livraison est effectu\u00e9e au destinataire de la facture ou \u00e0 une adresse de livraison choisie par lui.&nbsp;En principe, les marchandises command\u00e9es sont livr\u00e9es en notre nom par camion, poste ou notre propre service de livraison selon les r\u00e8gles de co\u00fbts suivantes:<\/p>\n<!-- \/wp:paragraph -->\n\n<!-- wp:paragraph -->\n<p><strong>Envoi Economy<\/strong><\/p>\n<!-- \/wp:paragraph -->\n\n<!-- wp:table {\"className\":\"is-style-stripes\"} -->\n<figure class=\"wp-block-table is-style-stripes\"><table><tbody><tr><td><strong>jusqu'\u00e0 2kg<\/strong><\/td><td>Frais d'exp\u00e9dition CHF 7.00<\/td><\/tr><tr><td><strong>de 2.1kg \u00e0 5kg<\/strong><\/td><td>Frais d'exp\u00e9dition CHF 9.00<\/td><\/tr><tr><td><strong>de 5.1kg \u00e0 10kg<\/strong><\/td><td>Frais d'exp\u00e9dition CHF 10.00<\/td><\/tr><tr><td><strong>de 10.1kg \u00e0 20kg<\/strong><\/td><td>Frais d'exp\u00e9dition CHF 15.00<\/td><\/tr><tr><td><strong>de 20.1kg \u00e0 30kg et plus<\/strong><\/td><td>Frais d'exp\u00e9dition CHF 22.00<\/td><\/tr><\/tbody><\/table><\/figure>\n<!-- \/wp:table -->\n\n<!-- wp:paragraph -->\n<p><strong>Envoi Priority<\/strong><\/p>\n<!-- \/wp:paragraph -->\n\n<!-- wp:table {\"className\":\"is-style-stripes\"} -->\n<figure class=\"wp-block-table is-style-stripes\"><table><tbody><tr><td><strong>jusqu'\u00e0 2kg<\/strong><\/td><td>Frais d'exp\u00e9dition CHF 9.00<\/td><\/tr><tr><td><strong>de 2.1kg \u00e0 10kg<\/strong><\/td><td>Frais d'exp\u00e9dition CHF 10.70<\/td><\/tr><tr><td><strong>de 10.1kg \u00e0 30kg et plus <\/strong><\/td><td>Frais d'exp\u00e9dition CHF 23.00<\/td><\/tr><\/tbody><\/table><\/figure>\n<!-- \/wp:table -->\n\n<!-- wp:paragraph -->\n<p>Livraison gratuite<\/p>\n<!-- \/wp:paragraph -->\n\n<!-- wp:table {\"className\":\"is-style-stripes\"} -->\n<figure class=\"wp-block-table is-style-stripes\"><table><tbody><tr><td><strong>Commandes d\u00e8s CHF 150<\/strong><\/td><td>Livraison gratuite<\/td><\/tr><\/tbody><\/table><\/figure>\n<!-- \/wp:table -->\n\n<!-- wp:paragraph -->\n<p>Tous les frais express sont \u00e0 la charge du client.<\/p>\n<!-- \/wp:paragraph -->\n\n<!-- wp:heading {\"level\":3} -->\n<h3><strong>Extradition<\/strong><\/h3>\n<!-- \/wp:heading -->\n\n<!-- wp:paragraph -->\n<p>Les marchandises seront livr\u00e9es le plus rapidement possible.<\/p>\n<!-- \/wp:paragraph -->\n\n<!-- wp:heading {\"align\":\"left\",\"level\":3} -->\n<h3 class=\"has-text-align-left\"><strong>Retour<\/strong><\/h3>\n<!-- \/wp:heading -->\n\n<!-- wp:paragraph -->\n<p>La qualit\u00e9 des marchandises re\u00e7ues doit \u00eatre v\u00e9rifi\u00e9e d\u00e8s leur r\u00e9ception;&nbsp;apr\u00e8s 5 jours, la livraison est consid\u00e9r\u00e9e comme approuv\u00e9e.<br>Aucune indemnit\u00e9 ne sera vers\u00e9e pour les dommages r\u00e9sultant d'un stockage inappropri\u00e9.<\/p>\n<!-- \/wp:paragraph -->\n\n<!-- wp:heading {\"align\":\"left\",\"level\":3} -->\n<h3 class=\"has-text-align-left\"><strong>Protection des donn\u00e9es<\/strong><\/h3>\n<!-- \/wp:heading -->\n\n<!-- wp:paragraph -->\n<p>Les donn\u00e9es personnelles des clients sont trait\u00e9es de mani\u00e8re confidentielle conform\u00e9ment \u00e0 la l\u00e9gislation sur la protection des donn\u00e9es et ne sont ni transmises \u00e0 des tiers ni vendues.&nbsp;Les donn\u00e9es sensibles, notamment les informations sur les paiements par carte bancaire, sont transmises sous forme crypt\u00e9e pour la requ\u00eate d'autorisation.&nbsp;Seules les donn\u00e9es n\u00e9cessaires au traitement de la commande et simplifiant le fonctionnement de la boutique en ligne pour les clients de retour sont enregistr\u00e9es.<\/p>\n<!-- \/wp:paragraph -->\n\n<!-- wp:heading {\"align\":\"left\",\"level\":3} -->\n<h3 class=\"has-text-align-left\"><strong>Responsabilit\u00e9<\/strong><\/h3>\n<!-- \/wp:heading -->\n\n<!-- wp:paragraph -->\n<p>Admir&nbsp;Caf\u00e9s SA n'assume aucune responsabilit\u00e9 pour la non-livraison ou la livraison tardive des produits en raison d'adresses de livraison incorrectement d\u00e9clar\u00e9es, de l'absence du destinataire, de probl\u00e8mes douaniers (exportation) ou d'\u00e9v\u00e9nements imputables \u00e0 un cas de force majeure.<\/p>\n<!-- \/wp:paragraph -->\n\n<!-- wp:paragraph -->\n<p><\/p>\n<!-- \/wp:paragraph -->","_et_gb_content_width":"1080","footnotes":""},"class_list":["post-221718","page","type-page","status-publish","hentry"],"_links":{"self":[{"href":"https:\/\/admir-cafes.ch\/index.php\/wp-json\/wp\/v2\/pages\/221718"}],"collection":[{"href":"https:\/\/admir-cafes.ch\/index.php\/wp-json\/wp\/v2\/pages"}],"about":[{"href":"https:\/\/admir-cafes.ch\/index.php\/wp-json\/wp\/v2\/types\/page"}],"author":[{"embeddable":true,"href":"https:\/\/admir-cafes.ch\/index.php\/wp-json\/wp\/v2\/users\/1"}],"replies":[{"embeddable":true,"href":"https:\/\/admir-cafes.ch\/index.php\/wp-json\/wp\/v2\/comments?post=221718"}],"version-history":[{"count":0,"href":"https:\/\/admir-cafes.ch\/index.php\/wp-json\/wp\/v2\/pages\/221718\/revisions"}],"wp:attachment":[{"href":"https:\/\/admir-cafes.ch\/index.php\/wp-json\/wp\/v2\/media?parent=221718"}],"curies":[{"name":"wp","href":"https:\/\/api.w.org\/{rel}","templated":true}]}}